{"id":9,"date":"2022-09-19T15:45:09","date_gmt":"2022-09-19T15:45:09","guid":{"rendered":"http:\/\/ramirosotomonllor.com\/?page_id=9"},"modified":"2024-01-03T21:40:15","modified_gmt":"2024-01-03T21:40:15","slug":"home","status":"publish","type":"page","link":"https:\/\/ramirosotomonllor.com\/es\/","title":{"rendered":"Home"},"content":{"rendered":"<div data-elementor-type=\"wp-page\" data-elementor-id=\"9\" class=\"elementor elementor-9\">\n\t\t\t\t\t\t\t\t\t<section class=\"elementor-section elementor-top-section elementor-element elementor-element-46f4ad1 elementor-section-full_width elementor-section-height-default elementor-section-height-default\" data-id=\"46f4ad1\" data-element_type=\"section\">\n\t\t\t\t\t\t<div class=\"elementor-container elementor-column-gap-default\">\n\t\t\t\t\t<div class=\"elementor-column elementor-col-100 elementor-top-column elementor-element elementor-element-284c9e6\" data-id=\"284c9e6\" data-element_type=\"column\">\n\t\t\t<div class=\"elementor-widget-wrap elementor-element-populated\">\n\t\t\t\t\t\t\t\t<div class=\"elementor-element elementor-element-ce77962 elementor-widget__width-inherit elementor-widget elementor-widget-heading\" data-id=\"ce77962\" data-element_type=\"widget\" data-widget_type=\"heading.default\">\n\t\t\t\t<div class=\"elementor-widget-container\">\n\t\t\t<style>\/*! elementor - v3.8.1 - 13-11-2022 *\/\n.elementor-heading-title{padding:0;margin:0;line-height:1}.elementor-widget-heading .elementor-heading-title[class*=elementor-size-]>a{color:inherit;font-size:inherit;line-height:inherit}.elementor-widget-heading .elementor-heading-title.elementor-size-small{font-size:15px}.elementor-widget-heading .elementor-heading-title.elementor-size-medium{font-size:19px}.elementor-widget-heading .elementor-heading-title.elementor-size-large{font-size:29px}.elementor-widget-heading .elementor-heading-title.elementor-size-xl{font-size:39px}.elementor-widget-heading .elementor-heading-title.elementor-size-xxl{font-size:59px}<\/style><h2 class=\"elementor-heading-title elementor-size-default\">BIO<\/h2>\t\t<\/div>\n\t\t\t\t<\/div>\n\t\t\t\t<div class=\"elementor-element elementor-element-3ad8d6b elementor-widget-divider--view-line elementor-widget elementor-widget-divider\" data-id=\"3ad8d6b\" data-element_type=\"widget\" data-widget_type=\"divider.default\">\n\t\t\t\t<div class=\"elementor-widget-container\">\n\t\t\t<style>\/*! elementor - v3.8.1 - 13-11-2022 *\/\n.elementor-widget-divider{--divider-border-style:none;--divider-border-width:1px;--divider-color:#2c2c2c;--divider-icon-size:20px;--divider-element-spacing:10px;--divider-pattern-height:24px;--divider-pattern-size:20px;--divider-pattern-url:none;--divider-pattern-repeat:repeat-x}.elementor-widget-divider .elementor-divider{display:-webkit-box;display:-ms-flexbox;display:flex}.elementor-widget-divider .elementor-divider__text{font-size:15px;line-height:1;max-width:95%}.elementor-widget-divider .elementor-divider__element{margin:0 var(--divider-element-spacing);-ms-flex-negative:0;flex-shrink:0}.elementor-widget-divider .elementor-icon{font-size:var(--divider-icon-size)}.elementor-widget-divider .elementor-divider-separator{display:-webkit-box;display:-ms-flexbox;display:flex;margin:0;direction:ltr}.elementor-widget-divider--view-line_icon .elementor-divider-separator,.elementor-widget-divider--view-line_text .elementor-divider-separator{-webkit-box-align:center;-ms-flex-align:center;align-items:center}.elementor-widget-divider--view-line_icon .elementor-divider-separator:after,.elementor-widget-divider--view-line_icon .elementor-divider-separator:before,.elementor-widget-divider--view-line_text .elementor-divider-separator:after,.elementor-widget-divider--view-line_text .elementor-divider-separator:before{display:block;content:\"\";border-bottom:0;-webkit-box-flex:1;-ms-flex-positive:1;flex-grow:1;border-top:var(--divider-border-width) var(--divider-border-style) var(--divider-color)}.elementor-widget-divider--element-align-left .elementor-divider .elementor-divider-separator>.elementor-divider__svg:first-of-type{-webkit-box-flex:0;-ms-flex-positive:0;flex-grow:0;-ms-flex-negative:100;flex-shrink:100}.elementor-widget-divider--element-align-left .elementor-divider-separator:before{content:none}.elementor-widget-divider--element-align-left .elementor-divider__element{margin-left:0}.elementor-widget-divider--element-align-right .elementor-divider .elementor-divider-separator>.elementor-divider__svg:last-of-type{-webkit-box-flex:0;-ms-flex-positive:0;flex-grow:0;-ms-flex-negative:100;flex-shrink:100}.elementor-widget-divider--element-align-right .elementor-divider-separator:after{content:none}.elementor-widget-divider--element-align-right .elementor-divider__element{margin-right:0}.elementor-widget-divider:not(.elementor-widget-divider--view-line_text):not(.elementor-widget-divider--view-line_icon) .elementor-divider-separator{border-top:var(--divider-border-width) var(--divider-border-style) var(--divider-color)}.elementor-widget-divider--separator-type-pattern{--divider-border-style:none}.elementor-widget-divider--separator-type-pattern.elementor-widget-divider--view-line .elementor-divider-separator,.elementor-widget-divider--separator-type-pattern:not(.elementor-widget-divider--view-line) .elementor-divider-separator:after,.elementor-widget-divider--separator-type-pattern:not(.elementor-widget-divider--view-line) .elementor-divider-separator:before,.elementor-widget-divider--separator-type-pattern:not([class*=elementor-widget-divider--view]) .elementor-divider-separator{width:100%;min-height:var(--divider-pattern-height);-webkit-mask-size:var(--divider-pattern-size) 100%;mask-size:var(--divider-pattern-size) 100%;-webkit-mask-repeat:var(--divider-pattern-repeat);mask-repeat:var(--divider-pattern-repeat);background-color:var(--divider-color);-webkit-mask-image:var(--divider-pattern-url);mask-image:var(--divider-pattern-url)}.elementor-widget-divider--no-spacing{--divider-pattern-size:auto}.elementor-widget-divider--bg-round{--divider-pattern-repeat:round}.rtl .elementor-widget-divider .elementor-divider__text{direction:rtl}.e-con-inner>.elementor-widget-divider,.e-con>.elementor-widget-divider{width:var(--container-widget-width,100%)}<\/style>\t\t<div class=\"elementor-divider\">\n\t\t\t<span class=\"elementor-divider-separator\">\n\t\t\t\t\t\t<\/span>\n\t\t<\/div>\n\t\t\t\t<\/div>\n\t\t\t\t<\/div>\n\t\t\t\t\t<\/div>\n\t\t<\/div>\n\t\t\t\t\t\t\t<\/div>\n\t\t<\/section>\n\t\t\t\t<section class=\"elementor-section elementor-top-section elementor-element elementor-element-4a4adf4 elementor-section-boxed elementor-section-height-default elementor-section-height-default\" data-id=\"4a4adf4\" data-element_type=\"section\" data-settings=\"{&quot;background_background&quot;:&quot;classic&quot;}\">\n\t\t\t\t\t\t<div class=\"elementor-container elementor-column-gap-default\">\n\t\t\t\t\t<div class=\"elementor-column elementor-col-50 elementor-top-column elementor-element elementor-element-a378804\" data-id=\"a378804\" data-element_type=\"column\">\n\t\t\t<div class=\"elementor-widget-wrap elementor-element-populated\">\n\t\t\t\t\t\t\t\t<div class=\"elementor-element elementor-element-e844d20 elementor-widget elementor-widget-image\" data-id=\"e844d20\" data-element_type=\"widget\" data-widget_type=\"image.default\">\n\t\t\t\t<div class=\"elementor-widget-container\">\n\t\t\t<style>\/*! elementor - v3.8.1 - 13-11-2022 *\/\n.elementor-widget-image{text-align:center}.elementor-widget-image a{display:inline-block}.elementor-widget-image a img[src$=\".svg\"]{width:48px}.elementor-widget-image img{vertical-align:middle;display:inline-block}<\/style>\t\t\t\t\t\t\t\t\t\t\t\t<img loading=\"lazy\" decoding=\"async\" width=\"960\" height=\"960\" src=\"https:\/\/ramirosotomonllor.com\/wp-content\/uploads\/2022\/09\/RAMIRO-SOTO-MONLLOR-DIRECTOR-1.jpeg\" class=\"attachment-large size-large\" alt=\"\" srcset=\"https:\/\/ramirosotomonllor.com\/wp-content\/uploads\/2022\/09\/RAMIRO-SOTO-MONLLOR-DIRECTOR-1.jpeg 960w, https:\/\/ramirosotomonllor.com\/wp-content\/uploads\/2022\/09\/RAMIRO-SOTO-MONLLOR-DIRECTOR-1-300x300.jpeg 300w, https:\/\/ramirosotomonllor.com\/wp-content\/uploads\/2022\/09\/RAMIRO-SOTO-MONLLOR-DIRECTOR-1-150x150.jpeg 150w, https:\/\/ramirosotomonllor.com\/wp-content\/uploads\/2022\/09\/RAMIRO-SOTO-MONLLOR-DIRECTOR-1-768x768.jpeg 768w, https:\/\/ramirosotomonllor.com\/wp-content\/uploads\/2022\/09\/RAMIRO-SOTO-MONLLOR-DIRECTOR-1-100x100.jpeg 100w\" sizes=\"(max-width: 960px) 100vw, 960px\" \/>\t\t\t\t\t\t\t\t\t\t\t\t\t\t\t<\/div>\n\t\t\t\t<\/div>\n\t\t\t\t\t<\/div>\n\t\t<\/div>\n\t\t\t\t<div class=\"elementor-column elementor-col-50 elementor-top-column elementor-element elementor-element-206e1ed\" data-id=\"206e1ed\" data-element_type=\"column\">\n\t\t\t<div class=\"elementor-widget-wrap elementor-element-populated\">\n\t\t\t\t\t\t\t\t<div class=\"elementor-element elementor-element-22c389d elementor-widget elementor-widget-text-editor\" data-id=\"22c389d\" data-element_type=\"widget\" data-widget_type=\"text-editor.default\">\n\t\t\t\t<div class=\"elementor-widget-container\">\n\t\t\t<style>\/*! elementor - v3.8.1 - 13-11-2022 *\/\n.elementor-widget-text-editor.elementor-drop-cap-view-stacked .elementor-drop-cap{background-color:#818a91;color:#fff}.elementor-widget-text-editor.elementor-drop-cap-view-framed .elementor-drop-cap{color:#818a91;border:3px solid;background-color:transparent}.elementor-widget-text-editor:not(.elementor-drop-cap-view-default) .elementor-drop-cap{margin-top:8px}.elementor-widget-text-editor:not(.elementor-drop-cap-view-default) .elementor-drop-cap-letter{width:1em;height:1em}.elementor-widget-text-editor .elementor-drop-cap{float:left;text-align:center;line-height:1;font-size:50px}.elementor-widget-text-editor .elementor-drop-cap-letter{display:inline-block}<\/style>\t\t\t\t<p>Naci\u00f3 en  Bs. As., Argentina. Licenciado y Profesor Superior en M\u00fasica con especialidad en Direcci\u00f3n Orquestal (UCA) ha obtenido medalla de honor en ambas carreras y ha sido becado por la Facultad como m\u00e9rito a obtener el promedio m\u00e1s alto. Violista y pianista.  Ha estudiado con los maestros Guillermo Scarabino (Argentina) Carlos Vieu (Argentina) y Yoav Talmi (Israel) entre otros, y ha sido invitado a dirigir a EEUU por el maestro Jooyong Ahn (Corea) con quien ha compartido conciertos tanto en EEUU como en Argentina. Ha compartido funciones de \u00f3pera con el director Helge Dorsch (Alemania)<\/p>\n<ul>\n<li>Ganador de la Beca del Fondo Nacional de las Artes 2006 en Direcci\u00f3n Orquestal.<\/li>\n<li>Galardonado con el primer puesto en \u201cOpera in the world\u201d 2016 por su direcci\u00f3n musical de la \u00f3pera \u201cOberto, conte di San Bonifacio\u201d de G. Verdi (estreno en Latinoam\u00e9rica)<\/li>\n<li>Ha ganado el primer premio de \u201cArte y Cultura 2022\u201d de la Fundaci\u00f3n Daia, por su labor como director titular de la Orquesta Sinf\u00f3nica Juvenil de San Isidro.<\/li>\n<li>Director titular de la Compa\u00f1\u00eda de \u00f3pera G. Verdi desde el a\u00f1o 2010 a 2020.<\/li>\n<li>Desde el a\u00f1o 2014 es director titular de la Orquesta Sinf\u00f3nica Juvenil de la Municipalidad de San Isidro (@osjsanisidro)<\/li>\n<li>Desde 2021 hasta la fecha es director titular de la orquesta del \u00d3pera Festival de Buenos Aires<\/li>\n<\/ul>\t\t\t\t\t\t<\/div>\n\t\t\t\t<\/div>\n\t\t\t\t\t<\/div>\n\t\t<\/div>\n\t\t\t\t\t\t\t<\/div>\n\t\t<\/section>\n\t\t\t\t<section class=\"elementor-section elementor-top-section elementor-element elementor-element-5f51ef3 elementor-section-boxed elementor-section-height-default elementor-section-height-default\" data-id=\"5f51ef3\" data-element_type=\"section\" data-settings=\"{&quot;background_background&quot;:&quot;classic&quot;}\">\n\t\t\t\t\t\t<div class=\"elementor-container elementor-column-gap-default\">\n\t\t\t\t\t<div class=\"elementor-column elementor-col-100 elementor-top-column elementor-element elementor-element-b049d8c\" data-id=\"b049d8c\" data-element_type=\"column\">\n\t\t\t<div class=\"elementor-widget-wrap elementor-element-populated\">\n\t\t\t\t\t\t\t\t<div class=\"elementor-element elementor-element-a47aca9 elementor-widget elementor-widget-text-editor\" data-id=\"a47aca9\" data-element_type=\"widget\" data-widget_type=\"text-editor.default\">\n\t\t\t\t<div class=\"elementor-widget-container\">\n\t\t\t\t\t\t\t<div><span style=\"font-style: inherit; font-weight: inherit; background-color: var( --e-global-color-astglobalcolor5 );\">Ha dirigido numerosas orquestas nacionales y extranjeras entre las que se encuentran:<\/span><\/div><ul><li><span style=\"font-weight: 400;\">UCT Orchestra (USA)<\/span><\/li><li><span style=\"font-weight: 400;\">Covenant Orchestra at Chatanooga (USA)<\/span><\/li><li><span style=\"font-size: 16px; font-weight: 400;\">Orquesta del ISA del Teatro Col\u00f3n<\/span><\/li><li><span style=\"font-size: 16px; font-weight: 400;\">Orquesta del Congreso de la Naci\u00f3n Argentino<\/span><\/li><li><span style=\"font-size: 16px; font-weight: 400;\">Orquesta Sinf\u00f3nica de la Municipalidad de Avellaneda<\/span><\/li><li><span style=\"font-size: 16px; font-weight: 400;\">Orquesta de la Municipalidad de Lan\u00fas<\/span><\/li><li><span style=\"font-size: 16px; font-weight: 400;\">Orquesta Sinf\u00f3nica de Milpa Alta (M\u00e9xico)<\/span><\/li><li><span style=\"font-size: 16px; font-weight: 400;\">Orquesta del \u00d3pera Festival de Buenos Aires<\/span><\/li><li><span style=\"font-size: 16px; font-weight: 400;\">G. Verdi Opera Company Orchestra (&#8230;.)<\/span><\/li><\/ul>\t\t\t\t\t\t<\/div>\n\t\t\t\t<\/div>\n\t\t\t\t<div class=\"elementor-element elementor-element-44c0591 elementor-align-center elementor-widget elementor-widget-button\" data-id=\"44c0591\" data-element_type=\"widget\" data-widget_type=\"button.default\">\n\t\t\t\t<div class=\"elementor-widget-container\">\n\t\t\t\t\t<div class=\"elementor-button-wrapper\">\n\t\t\t<a href=\"https:\/\/ramirosotomonllor.com\/es\/bio-eng\/\" class=\"elementor-button-link elementor-button elementor-size-sm\" role=\"button\">\n\t\t\t\t\t\t<span class=\"elementor-button-content-wrapper\">\n\t\t\t\t\t\t<span class=\"elementor-button-text\">View more<\/span>\n\t\t<\/span>\n\t\t\t\t\t<\/a>\n\t\t<\/div>\n\t\t\t\t<\/div>\n\t\t\t\t<\/div>\n\t\t\t\t\t<\/div>\n\t\t<\/div>\n\t\t\t\t\t\t\t<\/div>\n\t\t<\/section>\n\t\t\t\t<section class=\"elementor-section elementor-top-section elementor-element elementor-element-06dece6 elementor-section-full_width elementor-section-height-default elementor-section-height-default\" data-id=\"06dece6\" data-element_type=\"section\">\n\t\t\t\t\t\t<div class=\"elementor-container elementor-column-gap-default\">\n\t\t\t\t\t<div class=\"elementor-column elementor-col-100 elementor-top-column elementor-element elementor-element-93ef199\" data-id=\"93ef199\" data-element_type=\"column\">\n\t\t\t<div class=\"elementor-widget-wrap elementor-element-populated\">\n\t\t\t\t\t\t\t\t<div class=\"elementor-element elementor-element-bc31e31 elementor-widget elementor-widget-heading\" data-id=\"bc31e31\" data-element_type=\"widget\" data-widget_type=\"heading.default\">\n\t\t\t\t<div class=\"elementor-widget-container\">\n\t\t\t<h2 class=\"elementor-heading-title elementor-size-default\">DATES<\/h2>\t\t<\/div>\n\t\t\t\t<\/div>\n\t\t\t\t<div class=\"elementor-element elementor-element-c6e9d93 elementor-widget-divider--view-line elementor-widget elementor-widget-divider\" data-id=\"c6e9d93\" data-element_type=\"widget\" data-widget_type=\"divider.default\">\n\t\t\t\t<div class=\"elementor-widget-container\">\n\t\t\t\t\t<div class=\"elementor-divider\">\n\t\t\t<span class=\"elementor-divider-separator\">\n\t\t\t\t\t\t<\/span>\n\t\t<\/div>\n\t\t\t\t<\/div>\n\t\t\t\t<\/div>\n\t\t\t\t\t<\/div>\n\t\t<\/div>\n\t\t\t\t\t\t\t<\/div>\n\t\t<\/section>\n\t\t\t\t<section class=\"elementor-section elementor-top-section elementor-element elementor-element-b96a974 elementor-section-boxed elementor-section-height-default elementor-section-height-default\" data-id=\"b96a974\" data-element_type=\"section\">\n\t\t\t\t\t\t\t<div class=\"elementor-background-overlay\"><\/div>\n\t\t\t\t\t\t\t<div class=\"elementor-container elementor-column-gap-default\">\n\t\t\t\t\t<div class=\"elementor-column elementor-col-100 elementor-top-column elementor-element elementor-element-168850c\" data-id=\"168850c\" data-element_type=\"column\">\n\t\t\t<div class=\"elementor-widget-wrap elementor-element-populated\">\n\t\t\t\t\t\t\t\t<div class=\"elementor-element elementor-element-f5472ab elementor-widget elementor-widget-heading\" data-id=\"f5472ab\" data-element_type=\"widget\" data-widget_type=\"heading.default\">\n\t\t\t\t<div class=\"elementor-widget-container\">\n\t\t\t<h3 class=\"elementor-heading-title elementor-size-default\">- 2023 -<\/h3>\t\t<\/div>\n\t\t\t\t<\/div>\n\t\t\t\t<div class=\"elementor-element elementor-element-04d4135 elementor-invisible elementor-widget elementor-widget-wp-widget-em_widget\" data-id=\"04d4135\" data-element_type=\"widget\" data-settings=\"{&quot;_animation&quot;:&quot;fadeIn&quot;}\" data-widget_type=\"wp-widget-em_widget.default\">\n\t\t\t\t<div class=\"elementor-widget-container\">\n\t\t\t<div class=\"em pixelbones em-list-widget em-events-widget\"><ul><li><div class=\"em-item em-event\" style=\"--default-border:#FFFFFF;\">\r\n\t<div class=\"em-item-image has-placeholder\" style=\"max-width:120px\">\r\n\t\t\r\n\t\t\r\n\t\t<div class=\"em-item-image-placeholder\">\r\n\t\t\t<div class=\"date\">\r\n\t\t\t\t<span class=\"day\">28<\/span>\r\n\t\t\t\t<span class=\"month\">Oct<\/span>\r\n\t\t\t<\/div>\r\n\t\t<\/div>\r\n\t\t\r\n\t<\/div>\r\n\t<div class=\"em-item-info\">\r\n\t\t<div class=\"em-item-name\"><a href=\"https:\/\/ramirosotomonllor.com\/es\/events\/g-puccini-opera-turandot-opera-festival-de-buenos-aires-3\/\">G. Puccini. \u00d3pera &quot;Turandot&quot; | \u00d3pera Festival de Buenos Aires<\/a><\/div>\r\n\t\t<div class=\"em-item-meta\">\r\n\t\t\t<div class=\"em-item-meta-line em-event-date em-event-meta-datetime\">\r\n\t\t\t\t<span class=\"em-icon em-icon-calendar\"><\/span>\r\n\t\t\t\t<span>28 Oct 23 8:00 pm - 10:00 pm<\/span>\r\n\t\t\t<\/div>\r\n\t\t\t<div class=\"em-item-meta-line em-event-location em-event-meta-location\">\r\n\t\t\t\t<span class=\"em-icon em-icon-location\"><\/span>\r\n\t\t\t\t<span>Teatro Avenida. Av. de Mayo 1222, CABA, Buenos Aires <?=$orquesta?><\/span>\r\n\t\t\t<\/div>\r\n\t\t<\/div>\r\n\t<\/div>\r\n<\/div><\/li><li><div class=\"em-item em-event\" style=\"--default-border:#FFFFFF;\">\r\n\t<div class=\"em-item-image has-placeholder\" style=\"max-width:120px\">\r\n\t\t\r\n\t\t\r\n\t\t<div class=\"em-item-image-placeholder\">\r\n\t\t\t<div class=\"date\">\r\n\t\t\t\t<span class=\"day\">21<\/span>\r\n\t\t\t\t<span class=\"month\">Oct<\/span>\r\n\t\t\t<\/div>\r\n\t\t<\/div>\r\n\t\t\r\n\t<\/div>\r\n\t<div class=\"em-item-info\">\r\n\t\t<div class=\"em-item-name\"><a href=\"https:\/\/ramirosotomonllor.com\/es\/events\/g-puccini-opera-turandot-opera-festival-de-buenos-aires-2\/\">G. Puccini. \u00d3pera &quot;Turandot&quot; | \u00d3pera Festival de Buenos Aires<\/a><\/div>\r\n\t\t<div class=\"em-item-meta\">\r\n\t\t\t<div class=\"em-item-meta-line em-event-date em-event-meta-datetime\">\r\n\t\t\t\t<span class=\"em-icon em-icon-calendar\"><\/span>\r\n\t\t\t\t<span>21 Oct 23 8:00 pm - 10:00 pm<\/span>\r\n\t\t\t<\/div>\r\n\t\t\t<div class=\"em-item-meta-line em-event-location em-event-meta-location\">\r\n\t\t\t\t<span class=\"em-icon em-icon-location\"><\/span>\r\n\t\t\t\t<span>Teatro Avenida. Av. de Mayo 1222, CABA, Buenos Aires <?=$orquesta?><\/span>\r\n\t\t\t<\/div>\r\n\t\t<\/div>\r\n\t<\/div>\r\n<\/div><\/li><li><div class=\"em-item em-event\" style=\"--default-border:#FFFFFF;\">\r\n\t<div class=\"em-item-image has-placeholder\" style=\"max-width:120px\">\r\n\t\t\r\n\t\t\r\n\t\t<div class=\"em-item-image-placeholder\">\r\n\t\t\t<div class=\"date\">\r\n\t\t\t\t<span class=\"day\">09<\/span>\r\n\t\t\t\t<span class=\"month\">Oct<\/span>\r\n\t\t\t<\/div>\r\n\t\t<\/div>\r\n\t\t\r\n\t<\/div>\r\n\t<div class=\"em-item-info\">\r\n\t\t<div class=\"em-item-name\"><a href=\"https:\/\/ramirosotomonllor.com\/es\/events\/g-puccini-opera-turandot-opera-festival-de-buenos-aires\/\">G. Puccini. \u00d3pera &quot;Turandot&quot; | \u00d3pera Festival de Buenos Aires<\/a><\/div>\r\n\t\t<div class=\"em-item-meta\">\r\n\t\t\t<div class=\"em-item-meta-line em-event-date em-event-meta-datetime\">\r\n\t\t\t\t<span class=\"em-icon em-icon-calendar\"><\/span>\r\n\t\t\t\t<span>9 Oct 23 8:00 pm - 10:00 pm<\/span>\r\n\t\t\t<\/div>\r\n\t\t\t<div class=\"em-item-meta-line em-event-location em-event-meta-location\">\r\n\t\t\t\t<span class=\"em-icon em-icon-location\"><\/span>\r\n\t\t\t\t<span>Teatro Avenida. Av. de Mayo 1222, CABA, Buenos Aires <?=$orquesta?><\/span>\r\n\t\t\t<\/div>\r\n\t\t<\/div>\r\n\t<\/div>\r\n<\/div><\/li><li><div class=\"em-item em-event\" style=\"--default-border:#FFFFFF;\">\r\n\t<div class=\"em-item-image has-placeholder\" style=\"max-width:120px\">\r\n\t\t\r\n\t\t\r\n\t\t<div class=\"em-item-image-placeholder\">\r\n\t\t\t<div class=\"date\">\r\n\t\t\t\t<span class=\"day\">29<\/span>\r\n\t\t\t\t<span class=\"month\">Ago<\/span>\r\n\t\t\t<\/div>\r\n\t\t<\/div>\r\n\t\t\r\n\t<\/div>\r\n\t<div class=\"em-item-info\">\r\n\t\t<div class=\"em-item-name\"><a href=\"https:\/\/ramirosotomonllor.com\/es\/events\/sinfonia-nro-3-en-mi-b-m-op-55-eroica-parroquia-ntra-sra-de-la-unidad\/\">Sinfon\u00eda Nro 3 en Mi b M, Op. 55. \u201cEr\u00f3ica\u201d | Parroquia Ntra. Sra. de la Unidad<\/a><\/div>\r\n\t\t<div class=\"em-item-meta\">\r\n\t\t\t<div class=\"em-item-meta-line em-event-date em-event-meta-datetime\">\r\n\t\t\t\t<span class=\"em-icon em-icon-calendar\"><\/span>\r\n\t\t\t\t<span>29 Ago 23 8:00 pm - 10:00 pm<\/span>\r\n\t\t\t<\/div>\r\n\t\t\t<div class=\"em-item-meta-line em-event-location em-event-meta-location\">\r\n\t\t\t\t<span class=\"em-icon em-icon-location\"><\/span>\r\n\t\t\t\t<span>Parroquia Ntra. Sra. de la Unidad. Paran\u00e1 1630, Olivos Buenos Aires <?=$orquesta?><\/span>\r\n\t\t\t<\/div>\r\n\t\t<\/div>\r\n\t<\/div>\r\n<\/div><\/li><li><div class=\"em-item em-event\" style=\"--default-border:#FFFFFF;\">\r\n\t<div class=\"em-item-image has-placeholder\" style=\"max-width:120px\">\r\n\t\t\r\n\t\t\r\n\t\t<div class=\"em-item-image-placeholder\">\r\n\t\t\t<div class=\"date\">\r\n\t\t\t\t<span class=\"day\">12<\/span>\r\n\t\t\t\t<span class=\"month\">Ago<\/span>\r\n\t\t\t<\/div>\r\n\t\t<\/div>\r\n\t\t\r\n\t<\/div>\r\n\t<div class=\"em-item-info\">\r\n\t\t<div class=\"em-item-name\"><a href=\"https:\/\/ramirosotomonllor.com\/es\/events\/p-mascagni-opera-cavalleria-rusticana-opera-festival-de-buenos-aires-3\/\">P. Mascagni. \u00d3pera &quot;Cavaller\u00eda Rusticana&quot; | \u00d3pera Festival de Buenos Aires<\/a><\/div>\r\n\t\t<div class=\"em-item-meta\">\r\n\t\t\t<div class=\"em-item-meta-line em-event-date em-event-meta-datetime\">\r\n\t\t\t\t<span class=\"em-icon em-icon-calendar\"><\/span>\r\n\t\t\t\t<span>12 Ago 23 8:00 pm - 10:00 pm<\/span>\r\n\t\t\t<\/div>\r\n\t\t\t<div class=\"em-item-meta-line em-event-location em-event-meta-location\">\r\n\t\t\t\t<span class=\"em-icon em-icon-location\"><\/span>\r\n\t\t\t\t<span>Teatro Avenida. Av. de Mayo 1222, CABA, Buenos Aires <?=$orquesta?><\/span>\r\n\t\t\t<\/div>\r\n\t\t<\/div>\r\n\t<\/div>\r\n<\/div><\/li><li><div class=\"em-item em-event\" style=\"--default-border:#FFFFFF;\">\r\n\t<div class=\"em-item-image has-placeholder\" style=\"max-width:120px\">\r\n\t\t\r\n\t\t\r\n\t\t<div class=\"em-item-image-placeholder\">\r\n\t\t\t<div class=\"date\">\r\n\t\t\t\t<span class=\"day\">10<\/span>\r\n\t\t\t\t<span class=\"month\">Ago<\/span>\r\n\t\t\t<\/div>\r\n\t\t<\/div>\r\n\t\t\r\n\t<\/div>\r\n\t<div class=\"em-item-info\">\r\n\t\t<div class=\"em-item-name\"><a href=\"https:\/\/ramirosotomonllor.com\/es\/events\/p-mascagni-opera-cavalleria-rusticana-opera-festival-de-buenos-aires-2\/\">P. Mascagni. \u00d3pera &quot;Cavaller\u00eda Rusticana&quot; | \u00d3pera Festival de Buenos Aires<\/a><\/div>\r\n\t\t<div class=\"em-item-meta\">\r\n\t\t\t<div class=\"em-item-meta-line em-event-date em-event-meta-datetime\">\r\n\t\t\t\t<span class=\"em-icon em-icon-calendar\"><\/span>\r\n\t\t\t\t<span>10 Ago 23 8:00 pm - 10:00 pm<\/span>\r\n\t\t\t<\/div>\r\n\t\t\t<div class=\"em-item-meta-line em-event-location em-event-meta-location\">\r\n\t\t\t\t<span class=\"em-icon em-icon-location\"><\/span>\r\n\t\t\t\t<span>Teatro Avenida. Av. de Mayo 1222, CABA, Buenos Aires <?=$orquesta?><\/span>\r\n\t\t\t<\/div>\r\n\t\t<\/div>\r\n\t<\/div>\r\n<\/div><\/li><\/ul><\/div>\t\t<\/div>\n\t\t\t\t<\/div>\n\t\t\t\t<div class=\"elementor-element elementor-element-621593e elementor-align-center elementor-widget elementor-widget-button\" data-id=\"621593e\" data-element_type=\"widget\" data-widget_type=\"button.default\">\n\t\t\t\t<div class=\"elementor-widget-container\">\n\t\t\t\t\t<div class=\"elementor-button-wrapper\">\n\t\t\t<a href=\"https:\/\/ramirosotomonllor.com\/es\/dates\/\" class=\"elementor-button-link elementor-button elementor-size-sm\" role=\"button\">\n\t\t\t\t\t\t<span class=\"elementor-button-content-wrapper\">\n\t\t\t\t\t\t<span class=\"elementor-button-text\">View more<\/span>\n\t\t<\/span>\n\t\t\t\t\t<\/a>\n\t\t<\/div>\n\t\t\t\t<\/div>\n\t\t\t\t<\/div>\n\t\t\t\t\t<\/div>\n\t\t<\/div>\n\t\t\t\t\t\t\t<\/div>\n\t\t<\/section>\n\t\t\t\t<section class=\"elementor-section elementor-top-section elementor-element elementor-element-16bc308 elementor-section-boxed elementor-section-height-default elementor-section-height-default\" data-id=\"16bc308\" data-element_type=\"section\">\n\t\t\t\t\t\t\t<div class=\"elementor-background-overlay\"><\/div>\n\t\t\t\t\t\t\t<div class=\"elementor-container elementor-column-gap-default\">\n\t\t\t\t\t<div class=\"elementor-column elementor-col-100 elementor-top-column elementor-element elementor-element-1d4d825\" data-id=\"1d4d825\" data-element_type=\"column\">\n\t\t\t<div class=\"elementor-widget-wrap elementor-element-populated\">\n\t\t\t\t\t\t\t\t<div class=\"elementor-element elementor-element-dbe078b elementor-widget elementor-widget-heading\" data-id=\"dbe078b\" data-element_type=\"widget\" data-widget_type=\"heading.default\">\n\t\t\t\t<div class=\"elementor-widget-container\">\n\t\t\t<h3 class=\"elementor-heading-title elementor-size-default\">- 2022 -<\/h3>\t\t<\/div>\n\t\t\t\t<\/div>\n\t\t\t\t<div class=\"elementor-element elementor-element-bb28261 elementor-invisible elementor-widget elementor-widget-wp-widget-em_widget\" data-id=\"bb28261\" data-element_type=\"widget\" data-settings=\"{&quot;_animation&quot;:&quot;fadeIn&quot;}\" data-widget_type=\"wp-widget-em_widget.default\">\n\t\t\t\t<div class=\"elementor-widget-container\">\n\t\t\t<div class=\"em pixelbones em-list-widget em-events-widget\"><ul><li><div class=\"em-item em-event\" style=\"--default-border:#FFFFFF;\">\r\n\t<div class=\"em-item-image has-placeholder\" style=\"max-width:120px\">\r\n\t\t\r\n\t\t\r\n\t\t<div class=\"em-item-image-placeholder\">\r\n\t\t\t<div class=\"date\">\r\n\t\t\t\t<span class=\"day\">20<\/span>\r\n\t\t\t\t<span class=\"month\">Dic<\/span>\r\n\t\t\t<\/div>\r\n\t\t<\/div>\r\n\t\t\r\n\t<\/div>\r\n\t<div class=\"em-item-info\">\r\n\t\t<div class=\"em-item-name\"><a href=\"https:\/\/ramirosotomonllor.com\/es\/events\/mendelssohn-simphony-nro-4-italiana-20\/\">Mendelssohn, simphony nro 4 &quot;Italiana&quot; | Orquesta Sinf\u00f3nica Juvenil de San Isidro<\/a><\/div>\r\n\t\t<div class=\"em-item-meta\">\r\n\t\t\t<div class=\"em-item-meta-line em-event-date em-event-meta-datetime\">\r\n\t\t\t\t<span class=\"em-icon em-icon-calendar\"><\/span>\r\n\t\t\t\t<span>20 Dic 22 8:00 pm<\/span>\r\n\t\t\t<\/div>\r\n\t\t\t<div class=\"em-item-meta-line em-event-location em-event-meta-location\">\r\n\t\t\t\t<span class=\"em-icon em-icon-location\"><\/span>\r\n\t\t\t\t<span>Iglesia Ni\u00f1o Jesus de Praga. Albarellos 1001, B1641ACI Acassuso, Buenos Aires <\/span>\r\n\t\t\t<\/div>\r\n\t\t<\/div>\r\n\t<\/div>\r\n<\/div><\/li><li><div class=\"em-item em-event\" style=\"--default-border:#FFFFFF;\">\r\n\t<div class=\"em-item-image has-placeholder\" style=\"max-width:120px\">\r\n\t\t\r\n\t\t\r\n\t\t<div class=\"em-item-image-placeholder\">\r\n\t\t\t<div class=\"date\">\r\n\t\t\t\t<span class=\"day\">16<\/span>\r\n\t\t\t\t<span class=\"month\">Dic<\/span>\r\n\t\t\t<\/div>\r\n\t\t<\/div>\r\n\t\t\r\n\t<\/div>\r\n\t<div class=\"em-item-info\">\r\n\t\t<div class=\"em-item-name\"><a href=\"https:\/\/ramirosotomonllor.com\/es\/events\/mendelssohn-simphony-nro-4-italiana\/\">Mendelssohn, simphony nro 4 &quot;Italiana&quot;<\/a><\/div>\r\n\t\t<div class=\"em-item-meta\">\r\n\t\t\t<div class=\"em-item-meta-line em-event-date em-event-meta-datetime\">\r\n\t\t\t\t<span class=\"em-icon em-icon-calendar\"><\/span>\r\n\t\t\t\t<span>16 Dic 22 8:00 pm<\/span>\r\n\t\t\t<\/div>\r\n\t\t\t<div class=\"em-item-meta-line em-event-location em-event-meta-location\">\r\n\t\t\t\t<span class=\"em-icon em-icon-location\"><\/span>\r\n\t\t\t\t<span>Parroquia Ntra. Sra. de la Unidad. Paran\u00e1 1630, Olivos Buenos Aires <\/span>\r\n\t\t\t<\/div>\r\n\t\t<\/div>\r\n\t<\/div>\r\n<\/div><\/li><li><div class=\"em-item em-event\" style=\"--default-border:#FFFFFF;\">\r\n\t<div class=\"em-item-image has-placeholder\" style=\"max-width:120px\">\r\n\t\t\r\n\t\t\r\n\t\t<div class=\"em-item-image-placeholder\">\r\n\t\t\t<div class=\"date\">\r\n\t\t\t\t<span class=\"day\">10<\/span>\r\n\t\t\t\t<span class=\"month\">Dic<\/span>\r\n\t\t\t<\/div>\r\n\t\t<\/div>\r\n\t\t\r\n\t<\/div>\r\n\t<div class=\"em-item-info\">\r\n\t\t<div class=\"em-item-name\"><a href=\"https:\/\/ramirosotomonllor.com\/es\/events\/g-verdi-opera-otello-2\/\">G. Verdi. \u00d3pera &quot;Otello&quot;<\/a><\/div>\r\n\t\t<div class=\"em-item-meta\">\r\n\t\t\t<div class=\"em-item-meta-line em-event-date em-event-meta-datetime\">\r\n\t\t\t\t<span class=\"em-icon em-icon-calendar\"><\/span>\r\n\t\t\t\t<span>10 Dic 22 8:30 pm<\/span>\r\n\t\t\t<\/div>\r\n\t\t\t<div class=\"em-item-meta-line em-event-location em-event-meta-location\">\r\n\t\t\t\t<span class=\"em-icon em-icon-location\"><\/span>\r\n\t\t\t\t<span>Teatro Avenida. Av. de Mayo 1222, CABA, Buenos Aires <\/span>\r\n\t\t\t<\/div>\r\n\t\t<\/div>\r\n\t<\/div>\r\n<\/div><\/li><li><div class=\"em-item em-event\" style=\"--default-border:#FFFFFF;\">\r\n\t<div class=\"em-item-image has-placeholder\" style=\"max-width:120px\">\r\n\t\t\r\n\t\t\r\n\t\t<div class=\"em-item-image-placeholder\">\r\n\t\t\t<div class=\"date\">\r\n\t\t\t\t<span class=\"day\">09<\/span>\r\n\t\t\t\t<span class=\"month\">Dic<\/span>\r\n\t\t\t<\/div>\r\n\t\t<\/div>\r\n\t\t\r\n\t<\/div>\r\n\t<div class=\"em-item-info\">\r\n\t\t<div class=\"em-item-name\"><a href=\"https:\/\/ramirosotomonllor.com\/es\/events\/g-verdi-opera-otello\/\">G. Verdi. \u00d3pera &quot;Otello&quot;<\/a><\/div>\r\n\t\t<div class=\"em-item-meta\">\r\n\t\t\t<div class=\"em-item-meta-line em-event-date em-event-meta-datetime\">\r\n\t\t\t\t<span class=\"em-icon em-icon-calendar\"><\/span>\r\n\t\t\t\t<span>9 Dic 22 8:30 pm<\/span>\r\n\t\t\t<\/div>\r\n\t\t\t<div class=\"em-item-meta-line em-event-location em-event-meta-location\">\r\n\t\t\t\t<span class=\"em-icon em-icon-location\"><\/span>\r\n\t\t\t\t<span>Teatro Avenida. Av. de Mayo 1222, CABA, Buenos Aires <\/span>\r\n\t\t\t<\/div>\r\n\t\t<\/div>\r\n\t<\/div>\r\n<\/div><\/li><li><div class=\"em-item em-event\" style=\"--default-border:#FFFFFF;\">\r\n\t<div class=\"em-item-image has-placeholder\" style=\"max-width:120px\">\r\n\t\t\r\n\t\t\r\n\t\t<div class=\"em-item-image-placeholder\">\r\n\t\t\t<div class=\"date\">\r\n\t\t\t\t<span class=\"day\">11<\/span>\r\n\t\t\t\t<span class=\"month\">Nov<\/span>\r\n\t\t\t<\/div>\r\n\t\t<\/div>\r\n\t\t\r\n\t<\/div>\r\n\t<div class=\"em-item-info\">\r\n\t\t<div class=\"em-item-name\"><a href=\"https:\/\/ramirosotomonllor.com\/es\/events\/l-v-beethoven-simphony-nro-7-2\/\">L. V. Beethoven. Simphony Nro 7<\/a><\/div>\r\n\t\t<div class=\"em-item-meta\">\r\n\t\t\t<div class=\"em-item-meta-line em-event-date em-event-meta-datetime\">\r\n\t\t\t\t<span class=\"em-icon em-icon-calendar\"><\/span>\r\n\t\t\t\t<span>11 Nov 22 8:00 pm<\/span>\r\n\t\t\t<\/div>\r\n\t\t\t<div class=\"em-item-meta-line em-event-location em-event-meta-location\">\r\n\t\t\t\t<span class=\"em-icon em-icon-location\"><\/span>\r\n\t\t\t\t<span>Parroquia Ntra. Sra. de Lourdes. Posadas 312, Beccar, Buenos Aires <\/span>\r\n\t\t\t<\/div>\r\n\t\t<\/div>\r\n\t<\/div>\r\n<\/div><\/li><li><div class=\"em-item em-event\" style=\"--default-border:#FFFFFF;\">\r\n\t<div class=\"em-item-image has-placeholder\" style=\"max-width:120px\">\r\n\t\t\r\n\t\t\r\n\t\t<div class=\"em-item-image-placeholder\">\r\n\t\t\t<div class=\"date\">\r\n\t\t\t\t<span class=\"day\">08<\/span>\r\n\t\t\t\t<span class=\"month\">Nov<\/span>\r\n\t\t\t<\/div>\r\n\t\t<\/div>\r\n\t\t\r\n\t<\/div>\r\n\t<div class=\"em-item-info\">\r\n\t\t<div class=\"em-item-name\"><a href=\"https:\/\/ramirosotomonllor.com\/es\/events\/l-v-beethoven-simphony-nro-7\/\">L. V. Beethoven. Simphony Nro 7<\/a><\/div>\r\n\t\t<div class=\"em-item-meta\">\r\n\t\t\t<div class=\"em-item-meta-line em-event-date em-event-meta-datetime\">\r\n\t\t\t\t<span class=\"em-icon em-icon-calendar\"><\/span>\r\n\t\t\t\t<span>8 Nov 22 8:00 pm<\/span>\r\n\t\t\t<\/div>\r\n\t\t\t<div class=\"em-item-meta-line em-event-location em-event-meta-location\">\r\n\t\t\t\t<span class=\"em-icon em-icon-location\"><\/span>\r\n\t\t\t\t<span>Parroquia Ntra. Sra. de Lourdes. Posadas 312, Beccar, Buenos Aires <\/span>\r\n\t\t\t<\/div>\r\n\t\t<\/div>\r\n\t<\/div>\r\n<\/div><\/li><\/ul><\/div>\t\t<\/div>\n\t\t\t\t<\/div>\n\t\t\t\t<div class=\"elementor-element elementor-element-ab72eff elementor-align-center elementor-widget elementor-widget-button\" data-id=\"ab72eff\" data-element_type=\"widget\" data-widget_type=\"button.default\">\n\t\t\t\t<div class=\"elementor-widget-container\">\n\t\t\t\t\t<div class=\"elementor-button-wrapper\">\n\t\t\t<a href=\"https:\/\/ramirosotomonllor.com\/es\/dates\/\" class=\"elementor-button-link elementor-button elementor-size-sm\" role=\"button\">\n\t\t\t\t\t\t<span class=\"elementor-button-content-wrapper\">\n\t\t\t\t\t\t<span class=\"elementor-button-text\">View more<\/span>\n\t\t<\/span>\n\t\t\t\t\t<\/a>\n\t\t<\/div>\n\t\t\t\t<\/div>\n\t\t\t\t<\/div>\n\t\t\t\t\t<\/div>\n\t\t<\/div>\n\t\t\t\t\t\t\t<\/div>\n\t\t<\/section>\n\t\t\t\t<section class=\"elementor-section elementor-top-section elementor-element elementor-element-683305e elementor-section-full_width elementor-section-height-default elementor-section-height-default\" data-id=\"683305e\" data-element_type=\"section\">\n\t\t\t\t\t\t<div class=\"elementor-container elementor-column-gap-default\">\n\t\t\t\t\t<div class=\"elementor-column elementor-col-100 elementor-top-column elementor-element elementor-element-b4b7bda\" data-id=\"b4b7bda\" data-element_type=\"column\">\n\t\t\t<div class=\"elementor-widget-wrap elementor-element-populated\">\n\t\t\t\t\t\t\t\t<div class=\"elementor-element elementor-element-f636365 elementor-widget elementor-widget-heading\" data-id=\"f636365\" data-element_type=\"widget\" data-widget_type=\"heading.default\">\n\t\t\t\t<div class=\"elementor-widget-container\">\n\t\t\t<h2 class=\"elementor-heading-title elementor-size-default\">PRESS<\/h2>\t\t<\/div>\n\t\t\t\t<\/div>\n\t\t\t\t<div class=\"elementor-element elementor-element-4343240 elementor-widget-divider--view-line elementor-widget elementor-widget-divider\" data-id=\"4343240\" data-element_type=\"widget\" data-widget_type=\"divider.default\">\n\t\t\t\t<div class=\"elementor-widget-container\">\n\t\t\t\t\t<div class=\"elementor-divider\">\n\t\t\t<span class=\"elementor-divider-separator\">\n\t\t\t\t\t\t<\/span>\n\t\t<\/div>\n\t\t\t\t<\/div>\n\t\t\t\t<\/div>\n\t\t\t\t\t<\/div>\n\t\t<\/div>\n\t\t\t\t\t\t\t<\/div>\n\t\t<\/section>\n\t\t\t\t<section class=\"elementor-section elementor-top-section elementor-element elementor-element-184e852 elementor-section-boxed elementor-section-height-default elementor-section-height-default\" data-id=\"184e852\" data-element_type=\"section\" data-settings=\"{&quot;background_background&quot;:&quot;slideshow&quot;,&quot;background_slideshow_gallery&quot;:[{&quot;id&quot;:214,&quot;url&quot;:&quot;http:\\\/\\\/ramirosotomonllor.com\\\/wp-content\\\/uploads\\\/2022\\\/09\\\/ORQUESTA-SINFO\\u0301NICA-JUVENIL-DE-SAN-ISIDRO.jpeg&quot;}],&quot;background_slideshow_slide_duration&quot;:5000,&quot;background_slideshow_slide_transition&quot;:&quot;fade&quot;,&quot;background_slideshow_transition_duration&quot;:500}\">\n\t\t\t\t\t\t<div class=\"elementor-container elementor-column-gap-default\">\n\t\t\t\t\t<div class=\"elementor-column elementor-col-100 elementor-top-column elementor-element elementor-element-a890e7f\" data-id=\"a890e7f\" data-element_type=\"column\">\n\t\t\t<div class=\"elementor-widget-wrap elementor-element-populated\">\n\t\t\t\t\t\t\t\t<div class=\"elementor-element elementor-element-10b658f elementor-grid-eael-col-3 elementor-grid-tablet-eael-col-2 elementor-grid-mobile-eael-col-1 elementor-invisible elementor-widget elementor-widget-eael-post-grid\" data-id=\"10b658f\" data-element_type=\"widget\" data-settings=\"{&quot;eael_post_grid_columns&quot;:&quot;eael-col-3&quot;,&quot;_animation&quot;:&quot;fadeIn&quot;,&quot;eael_post_grid_columns_tablet&quot;:&quot;eael-col-2&quot;,&quot;eael_post_grid_columns_mobile&quot;:&quot;eael-col-1&quot;}\" data-widget_type=\"eael-post-grid.default\">\n\t\t\t\t<div class=\"elementor-widget-container\">\n\t\t\t<div id=\"eael-post-grid-10b658f\" class=\"eael-post-grid-container\">\n            <div class=\"eael-post-grid eael-post-appender eael-post-appender-10b658f eael-post-grid-style-two\" data-layout-mode=\"grid\"><article class=\"eael-grid-post eael-post-grid-column\" data-id=\"771\">\n        <div class=\"eael-grid-post-holder\">\n            <div class=\"eael-grid-post-holder-inner\"><div class=\"eael-entry-media\"><div class=\"eael-entry-overlay fade-in\"><i class=\"fas fa-long-arrow-alt-right\" aria-hidden=\"true\"><\/i><a href=\"https:\/\/ramirosotomonllor.com\/es\/la-orquesta-sinfonica-juvenil-homenajeara-a-martha-sfriso\/\"><\/a><\/div><div class=\"eael-entry-thumbnail\">\n                                <img loading=\"lazy\" decoding=\"async\" width=\"300\" height=\"167\" src=\"https:\/\/ramirosotomonllor.com\/wp-content\/uploads\/2022\/10\/ORQUESTA-SINFO\u0301NICA-JUVENIL-DE-SAN-ISIDRO-300x167.jpeg\" class=\"attachment-medium size-medium\" alt=\"\" srcset=\"https:\/\/ramirosotomonllor.com\/wp-content\/uploads\/2022\/10\/ORQUESTA-SINFO\u0301NICA-JUVENIL-DE-SAN-ISIDRO-300x167.jpeg 300w, https:\/\/ramirosotomonllor.com\/wp-content\/uploads\/2022\/10\/ORQUESTA-SINFO\u0301NICA-JUVENIL-DE-SAN-ISIDRO-768x426.jpeg 768w, https:\/\/ramirosotomonllor.com\/wp-content\/uploads\/2022\/10\/ORQUESTA-SINFO\u0301NICA-JUVENIL-DE-SAN-ISIDRO.jpeg 960w\" sizes=\"(max-width: 300px) 100vw, 300px\" \/>\n                              <\/div>\n                      <\/div><div class=\"eael-entry-wrapper\"><header class=\"eael-entry-header\"><h5 class=\"eael-entry-title\"><a\n                                    class=\"eael-grid-post-link\"\n                                    href=\"https:\/\/ramirosotomonllor.com\/es\/la-orquesta-sinfonica-juvenil-homenajeara-a-martha-sfriso\/\"\n                                    title=\"La Orquesta Sinf\u00f3nica Juvenil homenajear\u00e1 a Martha Sfriso\">La Orquesta Sinf\u00f3nica Juvenil homenajear\u00e1 a Martha Sfriso<\/a><\/h5><\/header><div class=\"eael-entry-content\">\n                                    <div class=\"eael-grid-post-excerpt\"><p>Con un concierto gratuito que se realizar\u00e1\u00a0el martes 19 de abril, a las 20,...<\/p><a\n                                        href=\"https:\/\/ramirosotomonllor.com\/es\/la-orquesta-sinfonica-juvenil-homenajeara-a-martha-sfriso\/\"\n                                        class=\"eael-post-elements-readmore-btn\">Read More<\/a><\/div>\n                                <\/div><div class=\"eael-entry-header-after style-two\"><div class=\"eael-entry-meta\"><span class=\"eael-meta-posted-on\"><i class=\"far fa-clock\"><\/i><time datetime=\"octubre 18, 2022\">octubre 18, 2022<\/time><\/span><\/div><\/div><\/div><\/div>\n        <\/div>\n    <\/article><article class=\"eael-grid-post eael-post-grid-column\" data-id=\"765\">\n        <div class=\"eael-grid-post-holder\">\n            <div class=\"eael-grid-post-holder-inner\"><div class=\"eael-entry-media\"><div class=\"eael-entry-overlay fade-in\"><i class=\"fas fa-long-arrow-alt-right\" aria-hidden=\"true\"><\/i><a href=\"https:\/\/ramirosotomonllor.com\/es\/la-compania-lirica-giuseppe-verdi-presenta-la-ultima-opera-de-este-autor-falstaff\/\"><\/a><\/div><div class=\"eael-entry-thumbnail\">\n                                <img loading=\"lazy\" decoding=\"async\" width=\"300\" height=\"168\" src=\"https:\/\/ramirosotomonllor.com\/wp-content\/uploads\/2022\/10\/compania-verdi-300x168.jpeg\" class=\"attachment-medium size-medium\" alt=\"\" srcset=\"https:\/\/ramirosotomonllor.com\/wp-content\/uploads\/2022\/10\/compania-verdi-300x168.jpeg 300w, https:\/\/ramirosotomonllor.com\/wp-content\/uploads\/2022\/10\/compania-verdi.jpeg 728w\" sizes=\"(max-width: 300px) 100vw, 300px\" \/>\n                              <\/div>\n                      <\/div><div class=\"eael-entry-wrapper\"><header class=\"eael-entry-header\"><h5 class=\"eael-entry-title\"><a\n                                    class=\"eael-grid-post-link\"\n                                    href=\"https:\/\/ramirosotomonllor.com\/es\/la-compania-lirica-giuseppe-verdi-presenta-la-ultima-opera-de-este-autor-falstaff\/\"\n                                    title=\"La Compa\u00f1\u00eda L\u00edrica \u201cGiuseppe Verdi\u201d presenta la \u00faltima \u00f3pera de este autor: \u00abFalstaff\u201d\">La Compa\u00f1\u00eda L\u00edrica \u201cGiuseppe Verdi\u201d presenta la \u00faltima \u00f3pera de este autor: \u00abFalstaff\u201d<\/a><\/h5><\/header><div class=\"eael-entry-content\">\n                                    <div class=\"eael-grid-post-excerpt\"><p>FALSTAFF, fu\u00e9 la \u00faltima \u00f3pera estrenada en 1893 por el gran compositor de todos...<\/p><a\n                                        href=\"https:\/\/ramirosotomonllor.com\/es\/la-compania-lirica-giuseppe-verdi-presenta-la-ultima-opera-de-este-autor-falstaff\/\"\n                                        class=\"eael-post-elements-readmore-btn\">Read More<\/a><\/div>\n                                <\/div><div class=\"eael-entry-header-after style-two\"><div class=\"eael-entry-meta\"><span class=\"eael-meta-posted-on\"><i class=\"far fa-clock\"><\/i><time datetime=\"octubre 18, 2022\">octubre 18, 2022<\/time><\/span><\/div><\/div><\/div><\/div>\n        <\/div>\n    <\/article><article class=\"eael-grid-post eael-post-grid-column\" data-id=\"290\">\n        <div class=\"eael-grid-post-holder\">\n            <div class=\"eael-grid-post-holder-inner\"><div class=\"eael-entry-media\"><div class=\"eael-entry-overlay fade-in\"><i class=\"fas fa-long-arrow-alt-right\" aria-hidden=\"true\"><\/i><a href=\"https:\/\/ramirosotomonllor.com\/es\/concierto-navidad\/\"><\/a><\/div><div class=\"eael-entry-thumbnail\">\n                                <img loading=\"lazy\" decoding=\"async\" width=\"300\" height=\"200\" src=\"https:\/\/ramirosotomonllor.com\/wp-content\/uploads\/2022\/10\/ramiro-soto-monllor11-300x200.jpg\" class=\"attachment-medium size-medium\" alt=\"\" srcset=\"https:\/\/ramirosotomonllor.com\/wp-content\/uploads\/2022\/10\/ramiro-soto-monllor11-300x200.jpg 300w, https:\/\/ramirosotomonllor.com\/wp-content\/uploads\/2022\/10\/ramiro-soto-monllor11-1024x682.jpg 1024w, https:\/\/ramirosotomonllor.com\/wp-content\/uploads\/2022\/10\/ramiro-soto-monllor11-768x512.jpg 768w, https:\/\/ramirosotomonllor.com\/wp-content\/uploads\/2022\/10\/ramiro-soto-monllor11-1536x1023.jpg 1536w, https:\/\/ramirosotomonllor.com\/wp-content\/uploads\/2022\/10\/ramiro-soto-monllor11.jpg 1600w\" sizes=\"(max-width: 300px) 100vw, 300px\" \/>\n                              <\/div>\n                      <\/div><div class=\"eael-entry-wrapper\"><header class=\"eael-entry-header\"><h5 class=\"eael-entry-title\"><a\n                                    class=\"eael-grid-post-link\"\n                                    href=\"https:\/\/ramirosotomonllor.com\/es\/concierto-navidad\/\"\n                                    title=\"M\u00e1s de dos mil personas disfrutaron del concierto de navidad de San Isidro\">M\u00e1s de dos mil personas disfrutaron del concierto de navidad de San Isidro<\/a><\/h5><\/header><div class=\"eael-entry-content\">\n                                    <div class=\"eael-grid-post-excerpt\"><p>Para anticipar\u00a0la Navidad\u00a0y en un clima ideal de paz, celebraci\u00f3n y encuentro familiar, m\u00e1s...<\/p><a\n                                        href=\"https:\/\/ramirosotomonllor.com\/es\/concierto-navidad\/\"\n                                        class=\"eael-post-elements-readmore-btn\">Read More<\/a><\/div>\n                                <\/div><div class=\"eael-entry-header-after style-two\"><div class=\"eael-entry-meta\"><span class=\"eael-meta-posted-on\"><i class=\"far fa-clock\"><\/i><time datetime=\"septiembre 22, 2022\">septiembre 22, 2022<\/time><\/span><\/div><\/div><\/div><\/div>\n        <\/div>\n    <\/article><article class=\"eael-grid-post eael-post-grid-column\" data-id=\"225\">\n        <div class=\"eael-grid-post-holder\">\n            <div class=\"eael-grid-post-holder-inner\"><div class=\"eael-entry-media\"><div class=\"eael-entry-overlay fade-in\"><i class=\"fas fa-long-arrow-alt-right\" aria-hidden=\"true\"><\/i><a href=\"https:\/\/ramirosotomonllor.com\/es\/oberto-conte-di-san-bonifacio-del-joven-verdi\/\"><\/a><\/div><div class=\"eael-entry-thumbnail\">\n                                <img loading=\"lazy\" decoding=\"async\" width=\"300\" height=\"225\" src=\"https:\/\/ramirosotomonllor.com\/wp-content\/uploads\/2022\/09\/verdi-300x225.jpeg\" class=\"attachment-medium size-medium\" alt=\"\" srcset=\"https:\/\/ramirosotomonllor.com\/wp-content\/uploads\/2022\/09\/verdi-300x225.jpeg 300w, https:\/\/ramirosotomonllor.com\/wp-content\/uploads\/2022\/09\/verdi-768x577.jpeg 768w, https:\/\/ramirosotomonllor.com\/wp-content\/uploads\/2022\/09\/verdi.jpeg 968w\" sizes=\"(max-width: 300px) 100vw, 300px\" \/>\n                              <\/div>\n                      <\/div><div class=\"eael-entry-wrapper\"><header class=\"eael-entry-header\"><h5 class=\"eael-entry-title\"><a\n                                    class=\"eael-grid-post-link\"\n                                    href=\"https:\/\/ramirosotomonllor.com\/es\/oberto-conte-di-san-bonifacio-del-joven-verdi\/\"\n                                    title=\"OBERTO Conte di San Bonifacio, del joven Verdi\">OBERTO Conte di San Bonifacio, del joven Verdi<\/a><\/h5><\/header><div class=\"eael-entry-content\">\n                                    <div class=\"eael-grid-post-excerpt\"><p>Siempre es por lo menos curioso, para quienes hemos visto una buena cantidad de...<\/p><a\n                                        href=\"https:\/\/ramirosotomonllor.com\/es\/oberto-conte-di-san-bonifacio-del-joven-verdi\/\"\n                                        class=\"eael-post-elements-readmore-btn\">Read More<\/a><\/div>\n                                <\/div><div class=\"eael-entry-header-after style-two\"><div class=\"eael-entry-meta\"><span class=\"eael-meta-posted-on\"><i class=\"far fa-clock\"><\/i><time datetime=\"septiembre 22, 2022\">septiembre 22, 2022<\/time><\/span><\/div><\/div><\/div><\/div>\n        <\/div>\n    <\/article><article class=\"eael-grid-post eael-post-grid-column\" data-id=\"221\">\n        <div class=\"eael-grid-post-holder\">\n            <div class=\"eael-grid-post-holder-inner\"><div class=\"eael-entry-media\"><div class=\"eael-entry-overlay fade-in\"><i class=\"fas fa-long-arrow-alt-right\" aria-hidden=\"true\"><\/i><a href=\"https:\/\/ramirosotomonllor.com\/es\/la-vie-parisienne-amena-opereta\/\"><\/a><\/div><div class=\"eael-entry-thumbnail\">\n                                <img loading=\"lazy\" decoding=\"async\" width=\"300\" height=\"225\" src=\"https:\/\/ramirosotomonllor.com\/wp-content\/uploads\/2022\/09\/La-vie-parisienne-300x225.jpeg\" class=\"attachment-medium size-medium\" alt=\"\" srcset=\"https:\/\/ramirosotomonllor.com\/wp-content\/uploads\/2022\/09\/La-vie-parisienne-300x225.jpeg 300w, https:\/\/ramirosotomonllor.com\/wp-content\/uploads\/2022\/09\/La-vie-parisienne-768x576.jpeg 768w, https:\/\/ramirosotomonllor.com\/wp-content\/uploads\/2022\/09\/La-vie-parisienne.jpeg 1024w\" sizes=\"(max-width: 300px) 100vw, 300px\" \/>\n                              <\/div>\n                      <\/div><div class=\"eael-entry-wrapper\"><header class=\"eael-entry-header\"><h5 class=\"eael-entry-title\"><a\n                                    class=\"eael-grid-post-link\"\n                                    href=\"https:\/\/ramirosotomonllor.com\/es\/la-vie-parisienne-amena-opereta\/\"\n                                    title=\"LA VIE PARISIENNE, amena opereta\">LA VIE PARISIENNE, amena opereta<\/a><\/h5><\/header><div class=\"eael-entry-content\">\n                                    <div class=\"eael-grid-post-excerpt\"><p>Es indudable que hay un inter\u00e9s creciente por la \u00f3pera en el panorama del...<\/p><a\n                                        href=\"https:\/\/ramirosotomonllor.com\/es\/la-vie-parisienne-amena-opereta\/\"\n                                        class=\"eael-post-elements-readmore-btn\">Read More<\/a><\/div>\n                                <\/div><div class=\"eael-entry-header-after style-two\"><div class=\"eael-entry-meta\"><span class=\"eael-meta-posted-on\"><i class=\"far fa-clock\"><\/i><time datetime=\"septiembre 21, 2022\">septiembre 21, 2022<\/time><\/span><\/div><\/div><\/div><\/div>\n        <\/div>\n    <\/article><article class=\"eael-grid-post eael-post-grid-column\" data-id=\"760\">\n        <div class=\"eael-grid-post-holder\">\n            <div class=\"eael-grid-post-holder-inner\"><div class=\"eael-entry-media\"><div class=\"eael-entry-overlay fade-in\"><i class=\"fas fa-long-arrow-alt-right\" aria-hidden=\"true\"><\/i><a href=\"https:\/\/ramirosotomonllor.com\/es\/orquesta-sinfonica-juvenil-de-san-isidro-sebastian-bach-y-antonio-vivaldi\/\"><\/a><\/div><div class=\"eael-entry-thumbnail\">\n                                <img loading=\"lazy\" decoding=\"async\" width=\"300\" height=\"200\" src=\"https:\/\/ramirosotomonllor.com\/wp-content\/uploads\/2022\/10\/osjsi-300x200.jpeg\" class=\"attachment-medium size-medium\" alt=\"\" srcset=\"https:\/\/ramirosotomonllor.com\/wp-content\/uploads\/2022\/10\/osjsi-300x200.jpeg 300w, https:\/\/ramirosotomonllor.com\/wp-content\/uploads\/2022\/10\/osjsi-1024x684.jpeg 1024w, https:\/\/ramirosotomonllor.com\/wp-content\/uploads\/2022\/10\/osjsi-768x513.jpeg 768w, https:\/\/ramirosotomonllor.com\/wp-content\/uploads\/2022\/10\/osjsi-1536x1025.jpeg 1536w, https:\/\/ramirosotomonllor.com\/wp-content\/uploads\/2022\/10\/osjsi-2048x1367.jpeg 2048w\" sizes=\"(max-width: 300px) 100vw, 300px\" \/>\n                              <\/div>\n                      <\/div><div class=\"eael-entry-wrapper\"><header class=\"eael-entry-header\"><h5 class=\"eael-entry-title\"><a\n                                    class=\"eael-grid-post-link\"\n                                    href=\"https:\/\/ramirosotomonllor.com\/es\/orquesta-sinfonica-juvenil-de-san-isidro-sebastian-bach-y-antonio-vivaldi\/\"\n                                    title=\"Orquesta Sinf\u00f3nica Juvenil de San Isidro. Sebastian Bach y Antonio Vivaldi\">Orquesta Sinf\u00f3nica Juvenil de San Isidro. Sebastian Bach y Antonio Vivaldi<\/a><\/h5><\/header><div class=\"eael-entry-content\">\n                                    <div class=\"eael-grid-post-excerpt\"><p>La Orquesta Sinf\u00f3nica Juvenil de San Isidro, dirigida por el maestro Ramiro Soto Monllor,...<\/p><a\n                                        href=\"https:\/\/ramirosotomonllor.com\/es\/orquesta-sinfonica-juvenil-de-san-isidro-sebastian-bach-y-antonio-vivaldi\/\"\n                                        class=\"eael-post-elements-readmore-btn\">Read More<\/a><\/div>\n                                <\/div><div class=\"eael-entry-header-after style-two\"><div class=\"eael-entry-meta\"><span class=\"eael-meta-posted-on\"><i class=\"far fa-clock\"><\/i><time datetime=\"septiembre 21, 2022\">septiembre 21, 2022<\/time><\/span><\/div><\/div><\/div><\/div>\n        <\/div>\n    <\/article><\/div>\n            <div class=\"clearfix\"><\/div>\n        <\/div>            <div class=\"eael-load-more-button-wrap eael-force-hide\">\n                <button class=\"eael-load-more-button\" id=\"eael-load-more-btn-10b658f\" data-widget-id=\"10b658f\" data-widget=\"10b658f\" data-page-id=\"9\" data-nonce=\"049214bcee\" data-template=\"{&quot;dir&quot;:&quot;lite&quot;,&quot;file_name&quot;:&quot;default.php&quot;,&quot;name&quot;:&quot;Post-Grid&quot;}\" data-class=\"Essential_Addons_Elementor\\Elements\\Post_Grid\" data-layout=\"grid\" data-page=\"1\" data-args=\"orderby=date&amp;order=desc&amp;ignore_sticky_posts=1&amp;post_status=publish&amp;posts_per_page=6&amp;offset=&amp;post_type=post\" data-max-page=\"2\">\n                    <div class=\"eael-btn-loader button__loader\"><\/div>\n                    <span>Load More<\/span>\n                <\/button>\n            <\/div>\n        \t\t<\/div>\n\t\t\t\t<\/div>\n\t\t\t\t<div class=\"elementor-element elementor-element-802b9ad elementor-align-center elementor-widget elementor-widget-button\" data-id=\"802b9ad\" data-element_type=\"widget\" data-widget_type=\"button.default\">\n\t\t\t\t<div class=\"elementor-widget-container\">\n\t\t\t\t\t<div class=\"elementor-button-wrapper\">\n\t\t\t<a href=\"https:\/\/ramirosotomonllor.com\/es\/press\/\" class=\"elementor-button-link elementor-button elementor-size-sm\" role=\"button\">\n\t\t\t\t\t\t<span class=\"elementor-button-content-wrapper\">\n\t\t\t\t\t\t<span class=\"elementor-button-text\">View more<\/span>\n\t\t<\/span>\n\t\t\t\t\t<\/a>\n\t\t<\/div>\n\t\t\t\t<\/div>\n\t\t\t\t<\/div>\n\t\t\t\t\t<\/div>\n\t\t<\/div>\n\t\t\t\t\t\t\t<\/div>\n\t\t<\/section>\n\t\t\t\t<section class=\"elementor-section elementor-top-section elementor-element elementor-element-689fcaf elementor-section-full_width elementor-section-height-default elementor-section-height-default\" data-id=\"689fcaf\" data-element_type=\"section\">\n\t\t\t\t\t\t<div class=\"elementor-container elementor-column-gap-default\">\n\t\t\t\t\t<div class=\"elementor-column elementor-col-100 elementor-top-column elementor-element elementor-element-76257a8\" data-id=\"76257a8\" data-element_type=\"column\">\n\t\t\t<div class=\"elementor-widget-wrap elementor-element-populated\">\n\t\t\t\t\t\t\t\t<div class=\"elementor-element elementor-element-26a1cc7 elementor-widget__width-inherit elementor-widget elementor-widget-heading\" data-id=\"26a1cc7\" data-element_type=\"widget\" data-widget_type=\"heading.default\">\n\t\t\t\t<div class=\"elementor-widget-container\">\n\t\t\t<h2 class=\"elementor-heading-title elementor-size-default\">MEDIA<\/h2>\t\t<\/div>\n\t\t\t\t<\/div>\n\t\t\t\t<div class=\"elementor-element elementor-element-6a63e12 elementor-widget-divider--view-line elementor-widget elementor-widget-divider\" data-id=\"6a63e12\" data-element_type=\"widget\" data-widget_type=\"divider.default\">\n\t\t\t\t<div class=\"elementor-widget-container\">\n\t\t\t\t\t<div class=\"elementor-divider\">\n\t\t\t<span class=\"elementor-divider-separator\">\n\t\t\t\t\t\t<\/span>\n\t\t<\/div>\n\t\t\t\t<\/div>\n\t\t\t\t<\/div>\n\t\t\t\t\t<\/div>\n\t\t<\/div>\n\t\t\t\t\t\t\t<\/div>\n\t\t<\/section>\n\t\t\t\t<section class=\"elementor-section elementor-top-section elementor-element elementor-element-e499232 elementor-section-boxed elementor-section-height-default elementor-section-height-default\" data-id=\"e499232\" data-element_type=\"section\">\n\t\t\t\t\t\t<div class=\"elementor-container elementor-column-gap-default\">\n\t\t\t\t\t<div class=\"elementor-column elementor-col-100 elementor-top-column elementor-element elementor-element-48fdc16\" data-id=\"48fdc16\" data-element_type=\"column\">\n\t\t\t<div class=\"elementor-widget-wrap elementor-element-populated\">\n\t\t\t\t\t\t\t\t<div class=\"elementor-element elementor-element-5c1006c elementor-aspect-ratio-169 elementor-widget elementor-widget-video\" data-id=\"5c1006c\" data-element_type=\"widget\" data-settings=\"{&quot;video_type&quot;:&quot;hosted&quot;,&quot;controls&quot;:&quot;yes&quot;,&quot;aspect_ratio&quot;:&quot;169&quot;}\" data-widget_type=\"video.default\">\n\t\t\t\t<div class=\"elementor-widget-container\">\n\t\t\t<style>\/*! elementor - v3.8.1 - 13-11-2022 *\/\n.elementor-widget-video .elementor-widget-container{overflow:hidden;-webkit-transform:translateZ(0);transform:translateZ(0)}.elementor-widget-video .elementor-open-inline .elementor-custom-embed-image-overlay{position:absolute;top:0;left:0;width:100%;height:100%;background-size:cover;background-position:50%}.elementor-widget-video .elementor-custom-embed-image-overlay{cursor:pointer;text-align:center}.elementor-widget-video .elementor-custom-embed-image-overlay:hover .elementor-custom-embed-play i{opacity:1}.elementor-widget-video .elementor-custom-embed-image-overlay img{display:block;width:100%}.elementor-widget-video .e-hosted-video .elementor-video{-o-object-fit:cover;object-fit:cover}.e-con-inner>.elementor-widget-video,.e-con>.elementor-widget-video{width:var(--container-widget-width,100%)}<\/style>\t\t<div class=\"e-hosted-video elementor-wrapper elementor-fit-aspect-ratio elementor-open-inline\">\n\t\t\t\t\t<video class=\"elementor-video\" src=\"http:\/\/ramirosotomonllor.com\/wp-content\/uploads\/2022\/10\/cuarto-1-novena-spot.mp4\" controls=\"\" controlslist=\"nodownload\"><\/video>\n\t\t\t\t<\/div>\n\t\t\t\t<\/div>\n\t\t\t\t<\/div>\n\t\t\t\t\t<\/div>\n\t\t<\/div>\n\t\t\t\t\t\t\t<\/div>\n\t\t<\/section>\n\t\t\t\t<section class=\"elementor-section elementor-top-section elementor-element elementor-element-42ef53d elementor-section-boxed elementor-section-height-default elementor-section-height-default\" data-id=\"42ef53d\" data-element_type=\"section\">\n\t\t\t\t\t\t<div class=\"elementor-container elementor-column-gap-default\">\n\t\t\t\t\t<div class=\"elementor-column elementor-col-100 elementor-top-column elementor-element elementor-element-c8f472d\" data-id=\"c8f472d\" data-element_type=\"column\">\n\t\t\t<div class=\"elementor-widget-wrap elementor-element-populated\">\n\t\t\t\t\t\t\t\t<div class=\"elementor-element elementor-element-bc3ed26 elementor-grid-3 elementor-grid-tablet-2 elementor-grid-mobile-1 eael-fg-hoverer-content-align-left elementor-widget elementor-widget-eael-filterable-gallery\" data-id=\"bc3ed26\" data-element_type=\"widget\" data-settings=\"{&quot;columns&quot;:&quot;3&quot;,&quot;columns_tablet&quot;:&quot;2&quot;,&quot;columns_mobile&quot;:&quot;1&quot;,&quot;photo_gallery&quot;:&quot;yes&quot;}\" data-widget_type=\"eael-filterable-gallery.default\">\n\t\t\t\t<div class=\"elementor-widget-container\">\n\t\t\t        <div id=\"eael-filter-gallery-wrapper-bc3ed26\" class=\"eael-filter-gallery-wrapper\" data-layout-mode=\"hoverer\" data-mfp_caption=\"yes\">\n            \n                        <div class=\"eael-filter-gallery-control\">\n                <ul><li data-load-more-status=\"0\" data-first-init=\"1\" class=\"control all-control active\" data-filter=\"*\">All<\/li><li data-load-more-status=\"0\" data-first-init=\"0\" class=\"control\" data-filter=\".eael-cf-photos\">photos<\/li><li data-load-more-status=\"0\" data-first-init=\"0\" class=\"control\" data-filter=\".eael-cf-videos\">videos<\/li><\/ul>\n            <\/div>\n            \n            <div class=\"eael-filter-gallery-container eael-filter-gallery-grid\" data-images-per-page=\"\" data-total-gallery-items=\"25\" data-nomore-item-text=\"\" data-settings=\"{&quot;grid_style&quot;:&quot;grid&quot;,&quot;popup&quot;:&quot;buttons&quot;,&quot;duration&quot;:500,&quot;gallery_enabled&quot;:&quot;yes&quot;,&quot;post_id&quot;:760,&quot;widget_id&quot;:&quot;bc3ed26&quot;}\" data-gallery-items=\"[&quot;\\u003Cdiv class=\\u0022eael-filterable-gallery-item-wrap eael-cf-photos\\u0022\\u003E\\n\\t\\t\\t\\t\\u003Cdiv class=\\u0022eael-gallery-grid-item\\u0022\\u003E\\u003Ca href=\\u0022http:\\\/\\\/ramirosotomonllor.com\\\/wp-content\\\/uploads\\\/2023\\\/05\\\/JSI-Symphony-Orchestra-Buenos-Aires-2023.jpg\\u0022 class=\\u0022eael-magnific-link media-content-wrap active\\u0022 data-elementor-open-lightbox=\\u0022no\\u0022\\u003E\\u003Cdiv class=\\u0022gallery-item-thumbnail-wrap\\u0022\\u003E\\u003Cimg src=\\u0022http:\\\/\\\/ramirosotomonllor.com\\\/wp-content\\\/uploads\\\/2023\\\/05\\\/JSI-Symphony-Orchestra-Buenos-Aires-2023.jpg\\u0022 data-lazy-src=\\u0022http:\\\/\\\/ramirosotomonllor.com\\\/wp-content\\\/uploads\\\/2023\\\/05\\\/JSI-Symphony-Orchestra-Buenos-Aires-2023.jpg\\u0022 alt=\\u0022\\u0022 class=\\u0022gallery-item-thumbnail\\u0022\\u003E\\u003C\\\/div\\u003E\\u003Cdiv class=\\u0022gallery-item-caption-wrap caption-style-hoverer eael-slide-up\\u0022\\u003E\\u003Cdiv class=\\u0022gallery-item-hoverer-bg\\u0022\\u003E\\u003C\\\/div\\u003E\\u003Cdiv class=\\u0022gallery-item-caption-over\\u0022\\u003E\\u003Ch5 class=\\u0022fg-item-title\\u0022\\u003ERamiro Soto Monllor | Orchestral Conductor \\u003Cp class=\\u0022p-pic\\u0022\\u003EJSI Symphony Orchestra, Buenos Aires 2023\\u003C\\\/p\\u003E\\u003C\\\/h5\\u003E\\u003C\\\/div\\u003E\\u003C\\\/div\\u003E\\u003C\\\/a\\u003E\\u003C\\\/a\\u003E\\u003C\\\/div\\u003E\\u003C\\\/div\\u003E&quot;,&quot;\\u003Cdiv class=\\u0022eael-filterable-gallery-item-wrap eael-cf-photos\\u0022\\u003E\\n\\t\\t\\t\\t\\u003Cdiv class=\\u0022eael-gallery-grid-item\\u0022\\u003E\\u003Ca href=\\u0022http:\\\/\\\/ramirosotomonllor.com\\\/wp-content\\\/uploads\\\/2022\\\/11\\\/02-Concierto-y-grabacion-Buenos-Aires-2017-scaled.jpg\\u0022 class=\\u0022eael-magnific-link media-content-wrap active\\u0022 data-elementor-open-lightbox=\\u0022no\\u0022\\u003E\\u003Cdiv class=\\u0022gallery-item-thumbnail-wrap\\u0022\\u003E\\u003Cimg src=\\u0022http:\\\/\\\/ramirosotomonllor.com\\\/wp-content\\\/uploads\\\/2022\\\/11\\\/02-Concierto-y-grabacion-Buenos-Aires-2017-scaled.jpg\\u0022 data-lazy-src=\\u0022http:\\\/\\\/ramirosotomonllor.com\\\/wp-content\\\/uploads\\\/2022\\\/11\\\/02-Concierto-y-grabacion-Buenos-Aires-2017-scaled.jpg\\u0022 alt=\\u0022\\u0022 class=\\u0022gallery-item-thumbnail\\u0022\\u003E\\u003C\\\/div\\u003E\\u003Cdiv class=\\u0022gallery-item-caption-wrap caption-style-hoverer eael-slide-up\\u0022\\u003E\\u003Cdiv class=\\u0022gallery-item-hoverer-bg\\u0022\\u003E\\u003C\\\/div\\u003E\\u003Cdiv class=\\u0022gallery-item-caption-over\\u0022\\u003E\\u003Ch5 class=\\u0022fg-item-title\\u0022\\u003ERamiro Soto Monllor | Orchestral Conductor \\u003Cp class=\\u0022p-pic\\u0022\\u003EConcert and recording, Buenos Aires, 2017\\u003C\\\/p\\u003E\\u003C\\\/h5\\u003E\\u003C\\\/div\\u003E\\u003C\\\/div\\u003E\\u003C\\\/a\\u003E\\u003C\\\/a\\u003E\\u003C\\\/div\\u003E\\u003C\\\/div\\u003E&quot;,&quot;\\u003Cdiv class=\\u0022eael-filterable-gallery-item-wrap eael-cf-photos\\u0022\\u003E\\n\\t\\t\\t\\t\\u003Cdiv class=\\u0022eael-gallery-grid-item\\u0022\\u003E\\u003Ca href=\\u0022http:\\\/\\\/ramirosotomonllor.com\\\/wp-content\\\/uploads\\\/2023\\\/05\\\/JSI-Symphony-Orchestra-at-the-Faculty-of-Law-Buenos-Aires-2023.jpg\\u0022 class=\\u0022eael-magnific-link media-content-wrap active\\u0022 data-elementor-open-lightbox=\\u0022no\\u0022\\u003E\\u003Cdiv class=\\u0022gallery-item-thumbnail-wrap\\u0022\\u003E\\u003Cimg src=\\u0022http:\\\/\\\/ramirosotomonllor.com\\\/wp-content\\\/uploads\\\/2023\\\/05\\\/JSI-Symphony-Orchestra-at-the-Faculty-of-Law-Buenos-Aires-2023.jpg\\u0022 data-lazy-src=\\u0022http:\\\/\\\/ramirosotomonllor.com\\\/wp-content\\\/uploads\\\/2023\\\/05\\\/JSI-Symphony-Orchestra-at-the-Faculty-of-Law-Buenos-Aires-2023.jpg\\u0022 alt=\\u0022\\u0022 class=\\u0022gallery-item-thumbnail\\u0022\\u003E\\u003C\\\/div\\u003E\\u003Cdiv class=\\u0022gallery-item-caption-wrap caption-style-hoverer eael-slide-up\\u0022\\u003E\\u003Cdiv class=\\u0022gallery-item-hoverer-bg\\u0022\\u003E\\u003C\\\/div\\u003E\\u003Cdiv class=\\u0022gallery-item-caption-over\\u0022\\u003E\\u003Ch5 class=\\u0022fg-item-title\\u0022\\u003ERamiro Soto Monllor | Orchestral Conductor \\u003Cp class=\\u0022p-pic\\u0022\\u003EJSI Symphony Orchestra at the Faculty of Law, Buenos-Aires 2023\\u003C\\\/p\\u003E\\u003C\\\/h5\\u003E\\u003C\\\/div\\u003E\\u003C\\\/div\\u003E\\u003C\\\/a\\u003E\\u003C\\\/a\\u003E\\u003C\\\/div\\u003E\\u003C\\\/div\\u003E&quot;,&quot;\\u003Cdiv class=\\u0022eael-filterable-gallery-item-wrap eael-cf-photos\\u0022\\u003E\\n\\t\\t\\t\\t\\u003Cdiv class=\\u0022eael-gallery-grid-item\\u0022\\u003E\\u003Ca href=\\u0022http:\\\/\\\/ramirosotomonllor.com\\\/wp-content\\\/uploads\\\/2022\\\/11\\\/06-UTC-Orchestra-Chattanooga-EEUU-2014.jpg\\u0022 class=\\u0022eael-magnific-link media-content-wrap active\\u0022 data-elementor-open-lightbox=\\u0022no\\u0022\\u003E\\u003Cdiv class=\\u0022gallery-item-thumbnail-wrap\\u0022\\u003E\\u003Cimg src=\\u0022http:\\\/\\\/ramirosotomonllor.com\\\/wp-content\\\/uploads\\\/2022\\\/11\\\/06-UTC-Orchestra-Chattanooga-EEUU-2014.jpg\\u0022 data-lazy-src=\\u0022http:\\\/\\\/ramirosotomonllor.com\\\/wp-content\\\/uploads\\\/2022\\\/11\\\/06-UTC-Orchestra-Chattanooga-EEUU-2014.jpg\\u0022 alt=\\u0022\\u0022 class=\\u0022gallery-item-thumbnail\\u0022\\u003E\\u003C\\\/div\\u003E\\u003Cdiv class=\\u0022gallery-item-caption-wrap caption-style-hoverer eael-slide-up\\u0022\\u003E\\u003Cdiv class=\\u0022gallery-item-hoverer-bg\\u0022\\u003E\\u003C\\\/div\\u003E\\u003Cdiv class=\\u0022gallery-item-caption-over\\u0022\\u003E\\u003Ch5 class=\\u0022fg-item-title\\u0022\\u003ERamiro Soto Monllor | Orchestral Conductor\\u003Cp class=\\u0022p-pic\\u0022\\u003EUTC Orchestra, Chattanooga, USA, 2014\\u003C\\\/p\\u003E\\u003C\\\/h5\\u003E\\u003C\\\/div\\u003E\\u003C\\\/div\\u003E\\u003C\\\/a\\u003E\\u003C\\\/a\\u003E\\u003C\\\/div\\u003E\\u003C\\\/div\\u003E&quot;,&quot;\\u003Cdiv class=\\u0022eael-filterable-gallery-item-wrap eael-cf-photos\\u0022\\u003E\\n\\t\\t\\t\\t\\u003Cdiv class=\\u0022eael-gallery-grid-item\\u0022\\u003E\\u003Ca href=\\u0022http:\\\/\\\/ramirosotomonllor.com\\\/wp-content\\\/uploads\\\/2022\\\/11\\\/07-Conciertos-al-aire-libre-San-Isidro-Buenos-Aires-2016.jpg\\u0022 class=\\u0022eael-magnific-link media-content-wrap active\\u0022 data-elementor-open-lightbox=\\u0022no\\u0022\\u003E\\u003Cdiv class=\\u0022gallery-item-thumbnail-wrap\\u0022\\u003E\\u003Cimg src=\\u0022http:\\\/\\\/ramirosotomonllor.com\\\/wp-content\\\/uploads\\\/2022\\\/11\\\/07-Conciertos-al-aire-libre-San-Isidro-Buenos-Aires-2016.jpg\\u0022 data-lazy-src=\\u0022http:\\\/\\\/ramirosotomonllor.com\\\/wp-content\\\/uploads\\\/2022\\\/11\\\/07-Conciertos-al-aire-libre-San-Isidro-Buenos-Aires-2016.jpg\\u0022 alt=\\u0022\\u0022 class=\\u0022gallery-item-thumbnail\\u0022\\u003E\\u003C\\\/div\\u003E\\u003Cdiv class=\\u0022gallery-item-caption-wrap caption-style-hoverer eael-slide-up\\u0022\\u003E\\u003Cdiv class=\\u0022gallery-item-hoverer-bg\\u0022\\u003E\\u003C\\\/div\\u003E\\u003Cdiv class=\\u0022gallery-item-caption-over\\u0022\\u003E\\u003Ch5 class=\\u0022fg-item-title\\u0022\\u003ERamiro Soto Monllor | Orchestral Conductor\\u003Cp class=\\u0022p-pic\\u0022\\u003EOutdoor concerts, San Isidro, Buenos Aires, 2016\\u003C\\\/p\\u003E\\u003C\\\/h5\\u003E\\u003C\\\/div\\u003E\\u003C\\\/div\\u003E\\u003C\\\/a\\u003E\\u003C\\\/a\\u003E\\u003C\\\/div\\u003E\\u003C\\\/div\\u003E&quot;,&quot;\\u003Cdiv class=\\u0022eael-filterable-gallery-item-wrap eael-cf-photos\\u0022\\u003E\\n\\t\\t\\t\\t\\u003Cdiv class=\\u0022eael-gallery-grid-item\\u0022\\u003E\\u003Ca href=\\u0022http:\\\/\\\/ramirosotomonllor.com\\\/wp-content\\\/uploads\\\/2022\\\/11\\\/05-Gala-Lirica-junto-a-Dario-Volonte-Buenos-Aires-2017.jpg\\u0022 class=\\u0022eael-magnific-link media-content-wrap active\\u0022 data-elementor-open-lightbox=\\u0022no\\u0022\\u003E\\u003Cdiv class=\\u0022gallery-item-thumbnail-wrap\\u0022\\u003E\\u003Cimg src=\\u0022http:\\\/\\\/ramirosotomonllor.com\\\/wp-content\\\/uploads\\\/2022\\\/11\\\/05-Gala-Lirica-junto-a-Dario-Volonte-Buenos-Aires-2017.jpg\\u0022 data-lazy-src=\\u0022http:\\\/\\\/ramirosotomonllor.com\\\/wp-content\\\/uploads\\\/2022\\\/11\\\/05-Gala-Lirica-junto-a-Dario-Volonte-Buenos-Aires-2017.jpg\\u0022 alt=\\u0022\\u0022 class=\\u0022gallery-item-thumbnail\\u0022\\u003E\\u003C\\\/div\\u003E\\u003Cdiv class=\\u0022gallery-item-caption-wrap caption-style-hoverer eael-slide-up\\u0022\\u003E\\u003Cdiv class=\\u0022gallery-item-hoverer-bg\\u0022\\u003E\\u003C\\\/div\\u003E\\u003Cdiv class=\\u0022gallery-item-caption-over\\u0022\\u003E\\u003Ch5 class=\\u0022fg-item-title\\u0022\\u003ERamiro Soto Monllor | Orchestral Conductor\\u003Cp class=\\u0022p-pic\\u0022\\u003ELyric Gala with Dar\u00edo Volont\u00e9, Buenos Aires 2017\\u003C\\\/p\\u003E\\u003C\\\/h5\\u003E\\u003C\\\/div\\u003E\\u003C\\\/div\\u003E\\u003C\\\/a\\u003E\\u003C\\\/a\\u003E\\u003C\\\/div\\u003E\\u003C\\\/div\\u003E&quot;,&quot;\\u003Cdiv class=\\u0022eael-filterable-gallery-item-wrap eael-cf-photos\\u0022\\u003E\\n\\t\\t\\t\\t\\u003Cdiv class=\\u0022eael-gallery-grid-item\\u0022\\u003E\\u003Ca href=\\u0022http:\\\/\\\/ramirosotomonllor.com\\\/wp-content\\\/uploads\\\/2022\\\/11\\\/03-G.-Faure-Sinfonica-de-Hurlingham-Buenos-Aires-2009.jpg\\u0022 class=\\u0022eael-magnific-link media-content-wrap active\\u0022 data-elementor-open-lightbox=\\u0022no\\u0022\\u003E\\u003Cdiv class=\\u0022gallery-item-thumbnail-wrap\\u0022\\u003E\\u003Cimg src=\\u0022http:\\\/\\\/ramirosotomonllor.com\\\/wp-content\\\/uploads\\\/2022\\\/11\\\/03-G.-Faure-Sinfonica-de-Hurlingham-Buenos-Aires-2009.jpg\\u0022 data-lazy-src=\\u0022http:\\\/\\\/ramirosotomonllor.com\\\/wp-content\\\/uploads\\\/2022\\\/11\\\/03-G.-Faure-Sinfonica-de-Hurlingham-Buenos-Aires-2009.jpg\\u0022 alt=\\u0022\\u0022 class=\\u0022gallery-item-thumbnail\\u0022\\u003E\\u003C\\\/div\\u003E\\u003Cdiv class=\\u0022gallery-item-caption-wrap caption-style-hoverer eael-slide-up\\u0022\\u003E\\u003Cdiv class=\\u0022gallery-item-hoverer-bg\\u0022\\u003E\\u003C\\\/div\\u003E\\u003Cdiv class=\\u0022gallery-item-caption-over\\u0022\\u003E\\u003Ch5 class=\\u0022fg-item-title\\u0022\\u003ERamiro Soto Monllor | Orchestral Conductor\\u003Cp class=\\u0022p-pic\\u0022\\u003EG. Faure, Hurlingham Symphony, Buenos Aires, 2009\\u003C\\\/p\\u003E\\u003C\\\/h5\\u003E\\u003C\\\/div\\u003E\\u003C\\\/div\\u003E\\u003C\\\/a\\u003E\\u003C\\\/a\\u003E\\u003C\\\/div\\u003E\\u003C\\\/div\\u003E&quot;,&quot;\\u003Cdiv class=\\u0022eael-filterable-gallery-item-wrap eael-cf-photos\\u0022\\u003E\\n\\t\\t\\t\\t\\u003Cdiv class=\\u0022eael-gallery-grid-item\\u0022\\u003E\\u003Ca href=\\u0022http:\\\/\\\/ramirosotomonllor.com\\\/wp-content\\\/uploads\\\/2022\\\/11\\\/04-Orquesta-ISA-Teatro-Colon-Buenos-Aires-2015.jpg\\u0022 class=\\u0022eael-magnific-link media-content-wrap active\\u0022 data-elementor-open-lightbox=\\u0022no\\u0022\\u003E\\u003Cdiv class=\\u0022gallery-item-thumbnail-wrap\\u0022\\u003E\\u003Cimg src=\\u0022http:\\\/\\\/ramirosotomonllor.com\\\/wp-content\\\/uploads\\\/2022\\\/11\\\/04-Orquesta-ISA-Teatro-Colon-Buenos-Aires-2015.jpg\\u0022 data-lazy-src=\\u0022http:\\\/\\\/ramirosotomonllor.com\\\/wp-content\\\/uploads\\\/2022\\\/11\\\/04-Orquesta-ISA-Teatro-Colon-Buenos-Aires-2015.jpg\\u0022 alt=\\u0022\\u0022 class=\\u0022gallery-item-thumbnail\\u0022\\u003E\\u003C\\\/div\\u003E\\u003Cdiv class=\\u0022gallery-item-caption-wrap caption-style-hoverer eael-slide-up\\u0022\\u003E\\u003Cdiv class=\\u0022gallery-item-hoverer-bg\\u0022\\u003E\\u003C\\\/div\\u003E\\u003Cdiv class=\\u0022gallery-item-caption-over\\u0022\\u003E\\u003Ch5 class=\\u0022fg-item-title\\u0022\\u003ERamiro Soto Monllor | Orchestral Conductor\\u003Cp class=\\u0022p-pic\\u0022\\u003EISA Colon Theater Orchestra, Buenos Aires, 2015\\u003C\\\/p\\u003E\\u003C\\\/h5\\u003E\\u003C\\\/div\\u003E\\u003C\\\/div\\u003E\\u003C\\\/a\\u003E\\u003C\\\/a\\u003E\\u003C\\\/div\\u003E\\u003C\\\/div\\u003E&quot;,&quot;\\u003Cdiv class=\\u0022eael-filterable-gallery-item-wrap eael-cf-photos\\u0022\\u003E\\n\\t\\t\\t\\t\\u003Cdiv class=\\u0022eael-gallery-grid-item\\u0022\\u003E\\u003Ca href=\\u0022http:\\\/\\\/ramirosotomonllor.com\\\/wp-content\\\/uploads\\\/2022\\\/11\\\/08-Covenant-Orchestra-Tennesse-EEUU-2014.jpg\\u0022 class=\\u0022eael-magnific-link media-content-wrap active\\u0022 data-elementor-open-lightbox=\\u0022no\\u0022\\u003E\\u003Cdiv class=\\u0022gallery-item-thumbnail-wrap\\u0022\\u003E\\u003Cimg src=\\u0022http:\\\/\\\/ramirosotomonllor.com\\\/wp-content\\\/uploads\\\/2022\\\/11\\\/08-Covenant-Orchestra-Tennesse-EEUU-2014.jpg\\u0022 data-lazy-src=\\u0022http:\\\/\\\/ramirosotomonllor.com\\\/wp-content\\\/uploads\\\/2022\\\/11\\\/08-Covenant-Orchestra-Tennesse-EEUU-2014.jpg\\u0022 alt=\\u0022\\u0022 class=\\u0022gallery-item-thumbnail\\u0022\\u003E\\u003C\\\/div\\u003E\\u003Cdiv class=\\u0022gallery-item-caption-wrap caption-style-hoverer eael-slide-up\\u0022\\u003E\\u003Cdiv class=\\u0022gallery-item-hoverer-bg\\u0022\\u003E\\u003C\\\/div\\u003E\\u003Cdiv class=\\u0022gallery-item-caption-over\\u0022\\u003E\\u003Ch5 class=\\u0022fg-item-title\\u0022\\u003ERamiro Soto Monllor | Orchestral Conductor\\u003Cp class=\\u0022p-pic\\u0022\\u003ECovenant Orchestra, Tennessee, USA, 2014\\u003C\\\/p\\u003E\\u003C\\\/h5\\u003E\\u003C\\\/div\\u003E\\u003C\\\/div\\u003E\\u003C\\\/a\\u003E\\u003C\\\/a\\u003E\\u003C\\\/div\\u003E\\u003C\\\/div\\u003E&quot;,&quot;\\u003Cdiv class=\\u0022eael-filterable-gallery-item-wrap eael-cf-photos\\u0022\\u003E\\n\\t\\t\\t\\t\\u003Cdiv class=\\u0022eael-gallery-grid-item\\u0022\\u003E\\u003Ca href=\\u0022http:\\\/\\\/ramirosotomonllor.com\\\/wp-content\\\/uploads\\\/2022\\\/11\\\/09-G.-Verdi-Falstaff-Teatro-Avenida-Buenos-Aires-2019.jpg\\u0022 class=\\u0022eael-magnific-link media-content-wrap active\\u0022 data-elementor-open-lightbox=\\u0022no\\u0022\\u003E\\u003Cdiv class=\\u0022gallery-item-thumbnail-wrap\\u0022\\u003E\\u003Cimg src=\\u0022http:\\\/\\\/ramirosotomonllor.com\\\/wp-content\\\/uploads\\\/2022\\\/11\\\/09-G.-Verdi-Falstaff-Teatro-Avenida-Buenos-Aires-2019.jpg\\u0022 data-lazy-src=\\u0022http:\\\/\\\/ramirosotomonllor.com\\\/wp-content\\\/uploads\\\/2022\\\/11\\\/09-G.-Verdi-Falstaff-Teatro-Avenida-Buenos-Aires-2019.jpg\\u0022 alt=\\u0022\\u0022 class=\\u0022gallery-item-thumbnail\\u0022\\u003E\\u003C\\\/div\\u003E\\u003Cdiv class=\\u0022gallery-item-caption-wrap caption-style-hoverer eael-slide-up\\u0022\\u003E\\u003Cdiv class=\\u0022gallery-item-hoverer-bg\\u0022\\u003E\\u003C\\\/div\\u003E\\u003Cdiv class=\\u0022gallery-item-caption-over\\u0022\\u003E\\u003Ch5 class=\\u0022fg-item-title\\u0022\\u003ERamiro Soto Monllor | Orchestral Conductor\\u003C\\\/h5\\u003E\\u003Cdiv class=\\u0022fg-item-content\\u0022\\u003E\\u003Cp\\u003EG. Verdi, Falstaff, Avenida Theater, Buenos Aires, 2019\\u003C\\\/p\\u003E\\n\\u003C\\\/div\\u003E\\u003C\\\/div\\u003E\\u003C\\\/div\\u003E\\u003C\\\/a\\u003E\\u003C\\\/a\\u003E\\u003C\\\/div\\u003E\\u003C\\\/div\\u003E&quot;,&quot;\\u003Cdiv class=\\u0022eael-filterable-gallery-item-wrap eael-cf-photos\\u0022\\u003E\\n\\t\\t\\t\\t\\u003Cdiv class=\\u0022eael-gallery-grid-item\\u0022\\u003E\\u003Ca href=\\u0022http:\\\/\\\/ramirosotomonllor.com\\\/wp-content\\\/uploads\\\/2023\\\/05\\\/P.-I.-Tchaikovsky-Faculty-of-Law-Buenos-Aires-2023.jpg\\u0022 class=\\u0022eael-magnific-link media-content-wrap active\\u0022 data-elementor-open-lightbox=\\u0022no\\u0022\\u003E\\u003Cdiv class=\\u0022gallery-item-thumbnail-wrap\\u0022\\u003E\\u003Cimg src=\\u0022http:\\\/\\\/ramirosotomonllor.com\\\/wp-content\\\/uploads\\\/2023\\\/05\\\/P.-I.-Tchaikovsky-Faculty-of-Law-Buenos-Aires-2023.jpg\\u0022 data-lazy-src=\\u0022http:\\\/\\\/ramirosotomonllor.com\\\/wp-content\\\/uploads\\\/2023\\\/05\\\/P.-I.-Tchaikovsky-Faculty-of-Law-Buenos-Aires-2023.jpg\\u0022 alt=\\u0022\\u0022 class=\\u0022gallery-item-thumbnail\\u0022\\u003E\\u003C\\\/div\\u003E\\u003Cdiv class=\\u0022gallery-item-caption-wrap caption-style-hoverer eael-slide-up\\u0022\\u003E\\u003Cdiv class=\\u0022gallery-item-hoverer-bg\\u0022\\u003E\\u003C\\\/div\\u003E\\u003Cdiv class=\\u0022gallery-item-caption-over\\u0022\\u003E\\u003Ch5 class=\\u0022fg-item-title\\u0022\\u003ERamiro Soto Monllor | Orchestral Conductor \\u003Cp class=\\u0022p-pic\\u0022\\u003EP.I.Tchaikovsky, Faculty of Law, Buenos Aires 2023\\u003C\\\/p\\u003E\\u003C\\\/h5\\u003E\\u003C\\\/div\\u003E\\u003C\\\/div\\u003E\\u003C\\\/a\\u003E\\u003C\\\/a\\u003E\\u003C\\\/div\\u003E\\u003C\\\/div\\u003E&quot;,&quot;\\u003Cdiv class=\\u0022eael-filterable-gallery-item-wrap eael-cf-photos\\u0022\\u003E\\n\\t\\t\\t\\t\\u003Cdiv class=\\u0022eael-gallery-grid-item\\u0022\\u003E\\u003Ca href=\\u0022http:\\\/\\\/ramirosotomonllor.com\\\/wp-content\\\/uploads\\\/2022\\\/11\\\/10-Orquesta-del-Casal-de-Catalunya-2008-scaled.jpg\\u0022 class=\\u0022eael-magnific-link media-content-wrap active\\u0022 data-elementor-open-lightbox=\\u0022no\\u0022\\u003E\\u003Cdiv class=\\u0022gallery-item-thumbnail-wrap\\u0022\\u003E\\u003Cimg src=\\u0022http:\\\/\\\/ramirosotomonllor.com\\\/wp-content\\\/uploads\\\/2022\\\/11\\\/10-Orquesta-del-Casal-de-Catalunya-2008-scaled.jpg\\u0022 data-lazy-src=\\u0022http:\\\/\\\/ramirosotomonllor.com\\\/wp-content\\\/uploads\\\/2022\\\/11\\\/10-Orquesta-del-Casal-de-Catalunya-2008-scaled.jpg\\u0022 alt=\\u0022\\u0022 class=\\u0022gallery-item-thumbnail\\u0022\\u003E\\u003C\\\/div\\u003E\\u003Cdiv class=\\u0022gallery-item-caption-wrap caption-style-hoverer eael-slide-up\\u0022\\u003E\\u003Cdiv class=\\u0022gallery-item-hoverer-bg\\u0022\\u003E\\u003C\\\/div\\u003E\\u003Cdiv class=\\u0022gallery-item-caption-over\\u0022\\u003E\\u003Ch5 class=\\u0022fg-item-title\\u0022\\u003ERamiro Soto Monllor | Orchestral Conductor\\u003C\\\/h5\\u003E\\u003Cdiv class=\\u0022fg-item-content\\u0022\\u003E\\u003Cp\\u003ECasal de Catalunya Orchestra, 2008\\u003C\\\/p\\u003E\\n\\u003C\\\/div\\u003E\\u003C\\\/div\\u003E\\u003C\\\/div\\u003E\\u003C\\\/a\\u003E\\u003C\\\/a\\u003E\\u003C\\\/div\\u003E\\u003C\\\/div\\u003E&quot;,&quot;\\u003Cdiv class=\\u0022eael-filterable-gallery-item-wrap eael-cf-photos\\u0022\\u003E\\n\\t\\t\\t\\t\\u003Cdiv class=\\u0022eael-gallery-grid-item\\u0022\\u003E\\u003Ca href=\\u0022http:\\\/\\\/ramirosotomonllor.com\\\/wp-content\\\/uploads\\\/2022\\\/11\\\/11-J.-Offenbach-La-vie-parisienne-Teatro-Avenida-2014.jpg\\u0022 class=\\u0022eael-magnific-link media-content-wrap active\\u0022 data-elementor-open-lightbox=\\u0022no\\u0022\\u003E\\u003Cdiv class=\\u0022gallery-item-thumbnail-wrap\\u0022\\u003E\\u003Cimg src=\\u0022http:\\\/\\\/ramirosotomonllor.com\\\/wp-content\\\/uploads\\\/2022\\\/11\\\/11-J.-Offenbach-La-vie-parisienne-Teatro-Avenida-2014.jpg\\u0022 data-lazy-src=\\u0022http:\\\/\\\/ramirosotomonllor.com\\\/wp-content\\\/uploads\\\/2022\\\/11\\\/11-J.-Offenbach-La-vie-parisienne-Teatro-Avenida-2014.jpg\\u0022 alt=\\u0022\\u0022 class=\\u0022gallery-item-thumbnail\\u0022\\u003E\\u003C\\\/div\\u003E\\u003Cdiv class=\\u0022gallery-item-caption-wrap caption-style-hoverer eael-slide-up\\u0022\\u003E\\u003Cdiv class=\\u0022gallery-item-hoverer-bg\\u0022\\u003E\\u003C\\\/div\\u003E\\u003Cdiv class=\\u0022gallery-item-caption-over\\u0022\\u003E\\u003Ch5 class=\\u0022fg-item-title\\u0022\\u003ERamiro Soto Monllor | Orchestral Conductor\\u003Cp class=\\u0022p-pic\\u0022\\u003EJ. Offenbach, La vie parisienne, Avenida Theater, 2014\\u003C\\\/p\\u003E\\u003C\\\/h5\\u003E\\u003C\\\/div\\u003E\\u003C\\\/div\\u003E\\u003C\\\/a\\u003E\\u003C\\\/a\\u003E\\u003C\\\/div\\u003E\\u003C\\\/div\\u003E&quot;,&quot;\\u003Cdiv class=\\u0022eael-filterable-gallery-item-wrap eael-cf-photos\\u0022\\u003E\\n\\t\\t\\t\\t\\u003Cdiv class=\\u0022eael-gallery-grid-item\\u0022\\u003E\\u003Ca href=\\u0022http:\\\/\\\/ramirosotomonllor.com\\\/wp-content\\\/uploads\\\/2022\\\/11\\\/12-J.-Offenbach-La-vie-parisienne-Teatro-Avenida-2014.jpg\\u0022 class=\\u0022eael-magnific-link media-content-wrap active\\u0022 data-elementor-open-lightbox=\\u0022no\\u0022\\u003E\\u003Cdiv class=\\u0022gallery-item-thumbnail-wrap\\u0022\\u003E\\u003Cimg src=\\u0022http:\\\/\\\/ramirosotomonllor.com\\\/wp-content\\\/uploads\\\/2022\\\/11\\\/12-J.-Offenbach-La-vie-parisienne-Teatro-Avenida-2014.jpg\\u0022 data-lazy-src=\\u0022http:\\\/\\\/ramirosotomonllor.com\\\/wp-content\\\/uploads\\\/2022\\\/11\\\/12-J.-Offenbach-La-vie-parisienne-Teatro-Avenida-2014.jpg\\u0022 alt=\\u0022\\u0022 class=\\u0022gallery-item-thumbnail\\u0022\\u003E\\u003C\\\/div\\u003E\\u003Cdiv class=\\u0022gallery-item-caption-wrap caption-style-hoverer eael-slide-up\\u0022\\u003E\\u003Cdiv class=\\u0022gallery-item-hoverer-bg\\u0022\\u003E\\u003C\\\/div\\u003E\\u003Cdiv class=\\u0022gallery-item-caption-over\\u0022\\u003E\\u003Ch5 class=\\u0022fg-item-title\\u0022\\u003ERamiro Soto Monllor | Orchestral Conductor\\u003Cp class=\\u0022p-pic\\u0022\\u003EJ. Offenbach, La vie parisienne, Avenida Theater, 2014\\u003C\\\/p\\u003E\\u003C\\\/h5\\u003E\\u003C\\\/div\\u003E\\u003C\\\/div\\u003E\\u003C\\\/a\\u003E\\u003C\\\/a\\u003E\\u003C\\\/div\\u003E\\u003C\\\/div\\u003E&quot;,&quot;\\u003Cdiv class=\\u0022eael-filterable-gallery-item-wrap eael-cf-photos\\u0022\\u003E\\n\\t\\t\\t\\t\\u003Cdiv class=\\u0022eael-gallery-grid-item\\u0022\\u003E\\u003Ca href=\\u0022http:\\\/\\\/ramirosotomonllor.com\\\/wp-content\\\/uploads\\\/2022\\\/11\\\/13-Orquesta-Sinfonica-JSI-Buenos-Aires-2015-scaled.jpg\\u0022 class=\\u0022eael-magnific-link media-content-wrap active\\u0022 data-elementor-open-lightbox=\\u0022no\\u0022\\u003E\\u003Cdiv class=\\u0022gallery-item-thumbnail-wrap\\u0022\\u003E\\u003Cimg src=\\u0022http:\\\/\\\/ramirosotomonllor.com\\\/wp-content\\\/uploads\\\/2022\\\/11\\\/13-Orquesta-Sinfonica-JSI-Buenos-Aires-2015-scaled.jpg\\u0022 data-lazy-src=\\u0022http:\\\/\\\/ramirosotomonllor.com\\\/wp-content\\\/uploads\\\/2022\\\/11\\\/13-Orquesta-Sinfonica-JSI-Buenos-Aires-2015-scaled.jpg\\u0022 alt=\\u0022\\u0022 class=\\u0022gallery-item-thumbnail\\u0022\\u003E\\u003C\\\/div\\u003E\\u003Cdiv class=\\u0022gallery-item-caption-wrap caption-style-hoverer eael-slide-up\\u0022\\u003E\\u003Cdiv class=\\u0022gallery-item-hoverer-bg\\u0022\\u003E\\u003C\\\/div\\u003E\\u003Cdiv class=\\u0022gallery-item-caption-over\\u0022\\u003E\\u003Ch5 class=\\u0022fg-item-title\\u0022\\u003ERamiro Soto Monllor | Orchestral Conductor\\u003Cp class=\\u0022p-pic\\u0022\\u003EJSI Symphony Orchestra, Buenos Aires, 2015\\u003C\\\/p\\u003E\\u003C\\\/h5\\u003E\\u003C\\\/div\\u003E\\u003C\\\/div\\u003E\\u003C\\\/a\\u003E\\u003C\\\/a\\u003E\\u003C\\\/div\\u003E\\u003C\\\/div\\u003E&quot;,&quot;\\u003Cdiv class=\\u0022eael-filterable-gallery-item-wrap eael-cf-photos\\u0022\\u003E\\n\\t\\t\\t\\t\\u003Cdiv class=\\u0022eael-gallery-grid-item\\u0022\\u003E\\u003Ca href=\\u0022http:\\\/\\\/ramirosotomonllor.com\\\/wp-content\\\/uploads\\\/2022\\\/11\\\/14-Requiem-de-Mozart-Catedral-de-La-Plata-Buenos-Aires-2019.jpg\\u0022 class=\\u0022eael-magnific-link media-content-wrap active\\u0022 data-elementor-open-lightbox=\\u0022no\\u0022\\u003E\\u003Cdiv class=\\u0022gallery-item-thumbnail-wrap\\u0022\\u003E\\u003Cimg src=\\u0022http:\\\/\\\/ramirosotomonllor.com\\\/wp-content\\\/uploads\\\/2022\\\/11\\\/14-Requiem-de-Mozart-Catedral-de-La-Plata-Buenos-Aires-2019.jpg\\u0022 data-lazy-src=\\u0022http:\\\/\\\/ramirosotomonllor.com\\\/wp-content\\\/uploads\\\/2022\\\/11\\\/14-Requiem-de-Mozart-Catedral-de-La-Plata-Buenos-Aires-2019.jpg\\u0022 alt=\\u0022\\u0022 class=\\u0022gallery-item-thumbnail\\u0022\\u003E\\u003C\\\/div\\u003E\\u003Cdiv class=\\u0022gallery-item-caption-wrap caption-style-hoverer eael-slide-up\\u0022\\u003E\\u003Cdiv class=\\u0022gallery-item-hoverer-bg\\u0022\\u003E\\u003C\\\/div\\u003E\\u003Cdiv class=\\u0022gallery-item-caption-over\\u0022\\u003E\\u003Ch5 class=\\u0022fg-item-title\\u0022\\u003ERamiro Soto Monllor | Orchestral Conductor\\u003Cp class=\\u0022p-pic\\u0022\\u003EMozart\\u0027s Requiem, La Plata Cathedral, Buenos Aires, 2019\\u003C\\\/p\\u003E\\u003C\\\/h5\\u003E\\u003C\\\/div\\u003E\\u003C\\\/div\\u003E\\u003C\\\/a\\u003E\\u003C\\\/a\\u003E\\u003C\\\/div\\u003E\\u003C\\\/div\\u003E&quot;,&quot;\\u003Cdiv class=\\u0022eael-filterable-gallery-item-wrap eael-cf-photos\\u0022\\u003E\\n\\t\\t\\t\\t\\u003Cdiv class=\\u0022eael-gallery-grid-item\\u0022\\u003E\\u003Ca href=\\u0022http:\\\/\\\/ramirosotomonllor.com\\\/wp-content\\\/uploads\\\/2022\\\/11\\\/15-L.-V.-Beethoven-Facultar-de-Derecho-Buenos-Aires-2018.jpg\\u0022 class=\\u0022eael-magnific-link media-content-wrap active\\u0022 data-elementor-open-lightbox=\\u0022no\\u0022\\u003E\\u003Cdiv class=\\u0022gallery-item-thumbnail-wrap\\u0022\\u003E\\u003Cimg src=\\u0022http:\\\/\\\/ramirosotomonllor.com\\\/wp-content\\\/uploads\\\/2022\\\/11\\\/15-L.-V.-Beethoven-Facultar-de-Derecho-Buenos-Aires-2018.jpg\\u0022 data-lazy-src=\\u0022http:\\\/\\\/ramirosotomonllor.com\\\/wp-content\\\/uploads\\\/2022\\\/11\\\/15-L.-V.-Beethoven-Facultar-de-Derecho-Buenos-Aires-2018.jpg\\u0022 alt=\\u0022\\u0022 class=\\u0022gallery-item-thumbnail\\u0022\\u003E\\u003C\\\/div\\u003E\\u003Cdiv class=\\u0022gallery-item-caption-wrap caption-style-hoverer eael-slide-up\\u0022\\u003E\\u003Cdiv class=\\u0022gallery-item-hoverer-bg\\u0022\\u003E\\u003C\\\/div\\u003E\\u003Cdiv class=\\u0022gallery-item-caption-over\\u0022\\u003E\\u003Ch5 class=\\u0022fg-item-title\\u0022\\u003ERamiro Soto Monllor | Orchestral Conductor\\u003Cp class=\\u0022p-pic\\u0022\\u003EL. V. Beethoven, Faculty of Law, Buenos Aires, 2018\\u003C\\\/p\\u003E\\u003C\\\/h5\\u003E\\u003C\\\/div\\u003E\\u003C\\\/div\\u003E\\u003C\\\/a\\u003E\\u003C\\\/a\\u003E\\u003C\\\/div\\u003E\\u003C\\\/div\\u003E&quot;,&quot;\\u003Cdiv class=\\u0022eael-filterable-gallery-item-wrap eael-cf-photos\\u0022\\u003E\\n\\t\\t\\t\\t\\u003Cdiv class=\\u0022eael-gallery-grid-item\\u0022\\u003E\\u003Ca href=\\u0022http:\\\/\\\/ramirosotomonllor.com\\\/wp-content\\\/uploads\\\/2022\\\/11\\\/16-Conciertos-Sinfonicos-al-Aire-Libre-Buenos-Aires-2018.jpg\\u0022 class=\\u0022eael-magnific-link media-content-wrap active\\u0022 data-elementor-open-lightbox=\\u0022no\\u0022\\u003E\\u003Cdiv class=\\u0022gallery-item-thumbnail-wrap\\u0022\\u003E\\u003Cimg src=\\u0022http:\\\/\\\/ramirosotomonllor.com\\\/wp-content\\\/uploads\\\/2022\\\/11\\\/16-Conciertos-Sinfonicos-al-Aire-Libre-Buenos-Aires-2018.jpg\\u0022 data-lazy-src=\\u0022http:\\\/\\\/ramirosotomonllor.com\\\/wp-content\\\/uploads\\\/2022\\\/11\\\/16-Conciertos-Sinfonicos-al-Aire-Libre-Buenos-Aires-2018.jpg\\u0022 alt=\\u0022\\u0022 class=\\u0022gallery-item-thumbnail\\u0022\\u003E\\u003C\\\/div\\u003E\\u003Cdiv class=\\u0022gallery-item-caption-wrap caption-style-hoverer eael-slide-up\\u0022\\u003E\\u003Cdiv class=\\u0022gallery-item-hoverer-bg\\u0022\\u003E\\u003C\\\/div\\u003E\\u003Cdiv class=\\u0022gallery-item-caption-over\\u0022\\u003E\\u003Ch5 class=\\u0022fg-item-title\\u0022\\u003ERamiro Soto Monllor | Orchestral Conductor\\u003Cp class=\\u0022p-pic\\u0022\\u003EOpen Air Symphony Concerts, Buenos Aires, 2018\\u003C\\\/p\\u003E\\u003C\\\/h5\\u003E\\u003C\\\/div\\u003E\\u003C\\\/div\\u003E\\u003C\\\/a\\u003E\\u003C\\\/a\\u003E\\u003C\\\/div\\u003E\\u003C\\\/div\\u003E&quot;,&quot;\\u003Cdiv class=\\u0022eael-filterable-gallery-item-wrap eael-cf-photos\\u0022\\u003E\\n\\t\\t\\t\\t\\u003Cdiv class=\\u0022eael-gallery-grid-item\\u0022\\u003E\\u003Ca href=\\u0022http:\\\/\\\/ramirosotomonllor.com\\\/wp-content\\\/uploads\\\/2022\\\/11\\\/17-Covenant-Orchestra-Tennessee-EEUU-2014.jpg\\u0022 class=\\u0022eael-magnific-link media-content-wrap active\\u0022 data-elementor-open-lightbox=\\u0022no\\u0022\\u003E\\u003Cdiv class=\\u0022gallery-item-thumbnail-wrap\\u0022\\u003E\\u003Cimg src=\\u0022http:\\\/\\\/ramirosotomonllor.com\\\/wp-content\\\/uploads\\\/2022\\\/11\\\/17-Covenant-Orchestra-Tennessee-EEUU-2014.jpg\\u0022 data-lazy-src=\\u0022http:\\\/\\\/ramirosotomonllor.com\\\/wp-content\\\/uploads\\\/2022\\\/11\\\/17-Covenant-Orchestra-Tennessee-EEUU-2014.jpg\\u0022 alt=\\u0022\\u0022 class=\\u0022gallery-item-thumbnail\\u0022\\u003E\\u003C\\\/div\\u003E\\u003Cdiv class=\\u0022gallery-item-caption-wrap caption-style-hoverer eael-slide-up\\u0022\\u003E\\u003Cdiv class=\\u0022gallery-item-hoverer-bg\\u0022\\u003E\\u003C\\\/div\\u003E\\u003Cdiv class=\\u0022gallery-item-caption-over\\u0022\\u003E\\u003Ch5 class=\\u0022fg-item-title\\u0022\\u003ERamiro Soto Monllor | Orchestral Conductor\\u003Cp class=\\u0022p-pic\\u0022\\u003ECovenant Orchestra, Tennessee, USA, 2014\\u003C\\\/p\\u003E\\u003C\\\/h5\\u003E\\u003C\\\/div\\u003E\\u003C\\\/div\\u003E\\u003C\\\/a\\u003E\\u003C\\\/a\\u003E\\u003C\\\/div\\u003E\\u003C\\\/div\\u003E&quot;,&quot;\\u003Cdiv class=\\u0022eael-filterable-gallery-item-wrap eael-cf-photos\\u0022\\u003E\\n\\t\\t\\t\\t\\u003Cdiv class=\\u0022eael-gallery-grid-item\\u0022\\u003E\\u003Ca href=\\u0022http:\\\/\\\/ramirosotomonllor.com\\\/wp-content\\\/uploads\\\/2022\\\/11\\\/18-Centro-Cultural-Kirchner-Buenos-Aires-2016.jpg\\u0022 class=\\u0022eael-magnific-link media-content-wrap active\\u0022 data-elementor-open-lightbox=\\u0022no\\u0022\\u003E\\u003Cdiv class=\\u0022gallery-item-thumbnail-wrap\\u0022\\u003E\\u003Cimg src=\\u0022http:\\\/\\\/ramirosotomonllor.com\\\/wp-content\\\/uploads\\\/2022\\\/11\\\/18-Centro-Cultural-Kirchner-Buenos-Aires-2016.jpg\\u0022 data-lazy-src=\\u0022http:\\\/\\\/ramirosotomonllor.com\\\/wp-content\\\/uploads\\\/2022\\\/11\\\/18-Centro-Cultural-Kirchner-Buenos-Aires-2016.jpg\\u0022 alt=\\u0022\\u0022 class=\\u0022gallery-item-thumbnail\\u0022\\u003E\\u003C\\\/div\\u003E\\u003Cdiv class=\\u0022gallery-item-caption-wrap caption-style-hoverer eael-slide-up\\u0022\\u003E\\u003Cdiv class=\\u0022gallery-item-hoverer-bg\\u0022\\u003E\\u003C\\\/div\\u003E\\u003Cdiv class=\\u0022gallery-item-caption-over\\u0022\\u003E\\u003Ch5 class=\\u0022fg-item-title\\u0022\\u003ERamiro Soto Monllor | Orchestral Conductor\\u003Cp class=\\u0022p-pic\\u0022\\u003EKirchner Cultural Center, Buenos Aires, 2016\\u003C\\\/p\\u003E\\u003C\\\/h5\\u003E\\u003C\\\/div\\u003E\\u003C\\\/div\\u003E\\u003C\\\/a\\u003E\\u003C\\\/a\\u003E\\u003C\\\/div\\u003E\\u003C\\\/div\\u003E&quot;,&quot;\\u003Cdiv class=\\u0022eael-filterable-gallery-item-wrap eael-cf-photos\\u0022\\u003E\\n\\t\\t\\t\\t\\u003Cdiv class=\\u0022eael-gallery-grid-item\\u0022\\u003E\\u003Ca href=\\u0022http:\\\/\\\/ramirosotomonllor.com\\\/wp-content\\\/uploads\\\/2022\\\/11\\\/19-Junto-al-Maestro-Jooyong-Ahn-EEUU-2014.jpg\\u0022 class=\\u0022eael-magnific-link media-content-wrap active\\u0022 data-elementor-open-lightbox=\\u0022no\\u0022\\u003E\\u003Cdiv class=\\u0022gallery-item-thumbnail-wrap\\u0022\\u003E\\u003Cimg src=\\u0022http:\\\/\\\/ramirosotomonllor.com\\\/wp-content\\\/uploads\\\/2022\\\/11\\\/19-Junto-al-Maestro-Jooyong-Ahn-EEUU-2014.jpg\\u0022 data-lazy-src=\\u0022http:\\\/\\\/ramirosotomonllor.com\\\/wp-content\\\/uploads\\\/2022\\\/11\\\/19-Junto-al-Maestro-Jooyong-Ahn-EEUU-2014.jpg\\u0022 alt=\\u0022\\u0022 class=\\u0022gallery-item-thumbnail\\u0022\\u003E\\u003C\\\/div\\u003E\\u003Cdiv class=\\u0022gallery-item-caption-wrap caption-style-hoverer eael-slide-up\\u0022\\u003E\\u003Cdiv class=\\u0022gallery-item-hoverer-bg\\u0022\\u003E\\u003C\\\/div\\u003E\\u003Cdiv class=\\u0022gallery-item-caption-over\\u0022\\u003E\\u003Ch5 class=\\u0022fg-item-title\\u0022\\u003ERamiro Soto Monllor | Orchestral Conductor\\u003Cp class=\\u0022p-pic\\u0022\\u003ETogether with Master Jooyong Ahn, USA, 2014\\u003C\\\/p\\u003E\\u003C\\\/h5\\u003E\\u003C\\\/div\\u003E\\u003C\\\/div\\u003E\\u003C\\\/a\\u003E\\u003C\\\/a\\u003E\\u003C\\\/div\\u003E\\u003C\\\/div\\u003E&quot;,&quot;\\u003Cdiv class=\\u0022eael-filterable-gallery-item-wrap eael-cf-photos\\u0022\\u003E\\n\\t\\t\\t\\t\\u003Cdiv class=\\u0022eael-gallery-grid-item\\u0022\\u003E\\u003Ca href=\\u0022http:\\\/\\\/ramirosotomonllor.com\\\/wp-content\\\/uploads\\\/2022\\\/11\\\/Daia-2022.jpeg\\u0022 class=\\u0022eael-magnific-link media-content-wrap active\\u0022 data-elementor-open-lightbox=\\u0022no\\u0022\\u003E\\u003Cdiv class=\\u0022gallery-item-thumbnail-wrap\\u0022\\u003E\\u003Cimg src=\\u0022http:\\\/\\\/ramirosotomonllor.com\\\/wp-content\\\/uploads\\\/2022\\\/11\\\/Daia-2022.jpeg\\u0022 data-lazy-src=\\u0022http:\\\/\\\/ramirosotomonllor.com\\\/wp-content\\\/uploads\\\/2022\\\/11\\\/Daia-2022.jpeg\\u0022 alt=\\u0022\\u0022 class=\\u0022gallery-item-thumbnail\\u0022\\u003E\\u003C\\\/div\\u003E\\u003Cdiv class=\\u0022gallery-item-caption-wrap caption-style-hoverer eael-slide-up\\u0022\\u003E\\u003Cdiv class=\\u0022gallery-item-hoverer-bg\\u0022\\u003E\\u003C\\\/div\\u003E\\u003Cdiv class=\\u0022gallery-item-caption-over\\u0022\\u003E\\u003Ch5 class=\\u0022fg-item-title\\u0022\\u003ERamiro Soto Monllor | Orchestral Conductor\\u003Cp class=\\u0022p-pic\\u0022\\u003EReceiving of the DAIA Art and Culture Award 2022, F\u00e1brica del Teatro Col\u00f3n\\u003C\\\/p\\u003E\\u003C\\\/h5\\u003E\\u003C\\\/div\\u003E\\u003C\\\/div\\u003E\\u003C\\\/a\\u003E\\u003C\\\/a\\u003E\\u003C\\\/div\\u003E\\u003C\\\/div\\u003E&quot;,&quot;\\u003Cdiv class=\\u0022eael-filterable-gallery-item-wrap eael-cf-videos\\u0022\\u003E\\n\\t\\t\\t\\t\\u003Cdiv class=\\u0022eael-gallery-grid-item\\u0022\\u003E\\u003Ca href=\\u0022http:\\\/\\\/ramirosotomonllor.com\\\/wp-content\\\/uploads\\\/2023\\\/05\\\/Captura-de-pantalla-2023-05-12-a-las-14.46.28.png\\u0022 class=\\u0022eael-magnific-link media-content-wrap active\\u0022 data-elementor-open-lightbox=\\u0022no\\u0022\\u003E\\u003Cdiv class=\\u0022gallery-item-thumbnail-wrap video_gallery_switch_on\\u0022\\u003E\\u003Cimg src=\\u0022http:\\\/\\\/ramirosotomonllor.com\\\/wp-content\\\/uploads\\\/2023\\\/05\\\/Captura-de-pantalla-2023-05-12-a-las-14.46.28.png\\u0022 data-lazy-src=\\u0022http:\\\/\\\/ramirosotomonllor.com\\\/wp-content\\\/uploads\\\/2023\\\/05\\\/Captura-de-pantalla-2023-05-12-a-las-14.46.28.png\\u0022 alt=\\u0022\\u0022 class=\\u0022gallery-item-thumbnail\\u0022\\u003E\\u003Ca href=\\u0022http:\\\/\\\/ramirosotomonllor.com\\\/wp-content\\\/uploads\\\/2023\\\/05\\\/P.-I.-Tchaikovsky-violin-concerto.mp4\\u0022 class=\\u0022video-popup eael-magnific-link active eael-magnific-video-link mfp-iframe\\u0022\\u003E\\u003Cdiv class=\\u0022video-popup-bg\\u0022\\u003E\\u003C\\\/div\\u003E\\u003Cimg src=\\u0022https:\\\/\\\/ramirosotomonllor.com\\\/wp-content\\\/plugins\\\/essential-addons-for-elementor-lite\\\/assets\\\/front-end\\\/img\\\/play-icon.png\\u0022\\u003E\\u003C\\\/a\\u003E\\u003C\\\/div\\u003E\\u003C\\\/a\\u003E\\u003C\\\/div\\u003E\\u003C\\\/div\\u003E&quot;,&quot;\\u003Cdiv class=\\u0022eael-filterable-gallery-item-wrap eael-cf-videos\\u0022\\u003E\\n\\t\\t\\t\\t\\u003Cdiv class=\\u0022eael-gallery-grid-item\\u0022\\u003E\\u003Ca href=\\u0022http:\\\/\\\/ramirosotomonllor.com\\\/wp-content\\\/uploads\\\/2022\\\/10\\\/Captura-de-Pantalla-2022-10-28-a-las-17.16.54.png\\u0022 class=\\u0022eael-magnific-link media-content-wrap active\\u0022 data-elementor-open-lightbox=\\u0022no\\u0022\\u003E\\u003Cdiv class=\\u0022gallery-item-thumbnail-wrap video_gallery_switch_on\\u0022\\u003E\\u003Cimg src=\\u0022http:\\\/\\\/ramirosotomonllor.com\\\/wp-content\\\/uploads\\\/2022\\\/10\\\/Captura-de-Pantalla-2022-10-28-a-las-17.16.54.png\\u0022 data-lazy-src=\\u0022http:\\\/\\\/ramirosotomonllor.com\\\/wp-content\\\/uploads\\\/2022\\\/10\\\/Captura-de-Pantalla-2022-10-28-a-las-17.16.54.png\\u0022 alt=\\u0022\\u0022 class=\\u0022gallery-item-thumbnail\\u0022\\u003E\\u003Ca href=\\u0022http:\\\/\\\/ramirosotomonllor.com\\\/wp-content\\\/uploads\\\/2022\\\/10\\\/cuarto-1-novena-spot.mp4\\u0022 class=\\u0022video-popup eael-magnific-link active eael-magnific-video-link mfp-iframe\\u0022\\u003E\\u003Cdiv class=\\u0022video-popup-bg\\u0022\\u003E\\u003C\\\/div\\u003E\\u003Cimg src=\\u0022https:\\\/\\\/ramirosotomonllor.com\\\/wp-content\\\/plugins\\\/essential-addons-for-elementor-lite\\\/assets\\\/front-end\\\/img\\\/play-icon.png\\u0022\\u003E\\u003C\\\/a\\u003E\\u003C\\\/div\\u003E\\u003C\\\/a\\u003E\\u003C\\\/div\\u003E\\u003C\\\/div\\u003E&quot;,&quot;\\u003Cdiv class=\\u0022eael-filterable-gallery-item-wrap eael-cf-videos\\u0022\\u003E\\n\\t\\t\\t\\t\\u003Cdiv class=\\u0022eael-gallery-grid-item\\u0022\\u003E\\u003Ca href=\\u0022http:\\\/\\\/ramirosotomonllor.com\\\/wp-content\\\/uploads\\\/2023\\\/03\\\/Otello-ramiro-soto-monllor.png\\u0022 class=\\u0022eael-magnific-link media-content-wrap active\\u0022 data-elementor-open-lightbox=\\u0022no\\u0022\\u003E\\u003Cdiv class=\\u0022gallery-item-thumbnail-wrap video_gallery_switch_on\\u0022\\u003E\\u003Cimg src=\\u0022http:\\\/\\\/ramirosotomonllor.com\\\/wp-content\\\/uploads\\\/2023\\\/03\\\/Otello-ramiro-soto-monllor.png\\u0022 data-lazy-src=\\u0022http:\\\/\\\/ramirosotomonllor.com\\\/wp-content\\\/uploads\\\/2023\\\/03\\\/Otello-ramiro-soto-monllor.png\\u0022 alt=\\u0022\\u0022 class=\\u0022gallery-item-thumbnail\\u0022\\u003E\\u003Ca href=\\u0022http:\\\/\\\/ramirosotomonllor.com\\\/wp-content\\\/uploads\\\/2023\\\/03\\\/Opera-Otello-G-Verdi-Teatro-Avenida-2022.mp4\\u0022 class=\\u0022video-popup eael-magnific-link active eael-magnific-video-link mfp-iframe\\u0022\\u003E\\u003Cdiv class=\\u0022video-popup-bg\\u0022\\u003E\\u003C\\\/div\\u003E\\u003Cimg src=\\u0022https:\\\/\\\/ramirosotomonllor.com\\\/wp-content\\\/plugins\\\/essential-addons-for-elementor-lite\\\/assets\\\/front-end\\\/img\\\/play-icon.png\\u0022\\u003E\\u003C\\\/a\\u003E\\u003C\\\/div\\u003E\\u003C\\\/a\\u003E\\u003C\\\/div\\u003E\\u003C\\\/div\\u003E&quot;]\" data-init-show=\"6\">\n                <div class=\"eael-filterable-gallery-item-wrap eael-cf-photos\">\n\t\t\t\t<div class=\"eael-gallery-grid-item\"><a href=\"http:\/\/ramirosotomonllor.com\/wp-content\/uploads\/2023\/05\/JSI-Symphony-Orchestra-Buenos-Aires-2023.jpg\" class=\"eael-magnific-link media-content-wrap active\" data-elementor-open-lightbox=\"no\"><div class=\"gallery-item-thumbnail-wrap\"><img decoding=\"async\" src=\"http:\/\/ramirosotomonllor.com\/wp-content\/uploads\/2023\/05\/JSI-Symphony-Orchestra-Buenos-Aires-2023.jpg\" data-lazy-src=\"http:\/\/ramirosotomonllor.com\/wp-content\/uploads\/2023\/05\/JSI-Symphony-Orchestra-Buenos-Aires-2023.jpg\" alt=\"\" class=\"gallery-item-thumbnail\"><\/div><div class=\"gallery-item-caption-wrap caption-style-hoverer eael-slide-up\"><div class=\"gallery-item-hoverer-bg\"><\/div><div class=\"gallery-item-caption-over\"><h5 class=\"fg-item-title\">Ramiro Soto Monllor | Orchestral Conductor <p class=\"p-pic\">JSI Symphony Orchestra, Buenos Aires 2023<\/p><\/h5><\/div><\/div><\/a><\/a><\/div><\/div><div class=\"eael-filterable-gallery-item-wrap eael-cf-photos\">\n\t\t\t\t<div class=\"eael-gallery-grid-item\"><a href=\"http:\/\/ramirosotomonllor.com\/wp-content\/uploads\/2022\/11\/02-Concierto-y-grabacion-Buenos-Aires-2017-scaled.jpg\" class=\"eael-magnific-link media-content-wrap active\" data-elementor-open-lightbox=\"no\"><div class=\"gallery-item-thumbnail-wrap\"><img decoding=\"async\" src=\"http:\/\/ramirosotomonllor.com\/wp-content\/uploads\/2022\/11\/02-Concierto-y-grabacion-Buenos-Aires-2017-scaled.jpg\" data-lazy-src=\"http:\/\/ramirosotomonllor.com\/wp-content\/uploads\/2022\/11\/02-Concierto-y-grabacion-Buenos-Aires-2017-scaled.jpg\" alt=\"\" class=\"gallery-item-thumbnail\"><\/div><div class=\"gallery-item-caption-wrap caption-style-hoverer eael-slide-up\"><div class=\"gallery-item-hoverer-bg\"><\/div><div class=\"gallery-item-caption-over\"><h5 class=\"fg-item-title\">Ramiro Soto Monllor | Orchestral Conductor <p class=\"p-pic\">Concert and recording, Buenos Aires, 2017<\/p><\/h5><\/div><\/div><\/a><\/a><\/div><\/div><div class=\"eael-filterable-gallery-item-wrap eael-cf-photos\">\n\t\t\t\t<div class=\"eael-gallery-grid-item\"><a href=\"http:\/\/ramirosotomonllor.com\/wp-content\/uploads\/2023\/05\/JSI-Symphony-Orchestra-at-the-Faculty-of-Law-Buenos-Aires-2023.jpg\" class=\"eael-magnific-link media-content-wrap active\" data-elementor-open-lightbox=\"no\"><div class=\"gallery-item-thumbnail-wrap\"><img decoding=\"async\" src=\"http:\/\/ramirosotomonllor.com\/wp-content\/uploads\/2023\/05\/JSI-Symphony-Orchestra-at-the-Faculty-of-Law-Buenos-Aires-2023.jpg\" data-lazy-src=\"http:\/\/ramirosotomonllor.com\/wp-content\/uploads\/2023\/05\/JSI-Symphony-Orchestra-at-the-Faculty-of-Law-Buenos-Aires-2023.jpg\" alt=\"\" class=\"gallery-item-thumbnail\"><\/div><div class=\"gallery-item-caption-wrap caption-style-hoverer eael-slide-up\"><div class=\"gallery-item-hoverer-bg\"><\/div><div class=\"gallery-item-caption-over\"><h5 class=\"fg-item-title\">Ramiro Soto Monllor | Orchestral Conductor <p class=\"p-pic\">JSI Symphony Orchestra at the Faculty of Law, Buenos-Aires 2023<\/p><\/h5><\/div><\/div><\/a><\/a><\/div><\/div><div class=\"eael-filterable-gallery-item-wrap eael-cf-photos\">\n\t\t\t\t<div class=\"eael-gallery-grid-item\"><a href=\"http:\/\/ramirosotomonllor.com\/wp-content\/uploads\/2022\/11\/06-UTC-Orchestra-Chattanooga-EEUU-2014.jpg\" class=\"eael-magnific-link media-content-wrap active\" data-elementor-open-lightbox=\"no\"><div class=\"gallery-item-thumbnail-wrap\"><img decoding=\"async\" src=\"http:\/\/ramirosotomonllor.com\/wp-content\/uploads\/2022\/11\/06-UTC-Orchestra-Chattanooga-EEUU-2014.jpg\" data-lazy-src=\"http:\/\/ramirosotomonllor.com\/wp-content\/uploads\/2022\/11\/06-UTC-Orchestra-Chattanooga-EEUU-2014.jpg\" alt=\"\" class=\"gallery-item-thumbnail\"><\/div><div class=\"gallery-item-caption-wrap caption-style-hoverer eael-slide-up\"><div class=\"gallery-item-hoverer-bg\"><\/div><div class=\"gallery-item-caption-over\"><h5 class=\"fg-item-title\">Ramiro Soto Monllor | Orchestral Conductor<p class=\"p-pic\">UTC Orchestra, Chattanooga, USA, 2014<\/p><\/h5><\/div><\/div><\/a><\/a><\/div><\/div><div class=\"eael-filterable-gallery-item-wrap eael-cf-photos\">\n\t\t\t\t<div class=\"eael-gallery-grid-item\"><a href=\"http:\/\/ramirosotomonllor.com\/wp-content\/uploads\/2022\/11\/07-Conciertos-al-aire-libre-San-Isidro-Buenos-Aires-2016.jpg\" class=\"eael-magnific-link media-content-wrap active\" data-elementor-open-lightbox=\"no\"><div class=\"gallery-item-thumbnail-wrap\"><img decoding=\"async\" src=\"http:\/\/ramirosotomonllor.com\/wp-content\/uploads\/2022\/11\/07-Conciertos-al-aire-libre-San-Isidro-Buenos-Aires-2016.jpg\" data-lazy-src=\"http:\/\/ramirosotomonllor.com\/wp-content\/uploads\/2022\/11\/07-Conciertos-al-aire-libre-San-Isidro-Buenos-Aires-2016.jpg\" alt=\"\" class=\"gallery-item-thumbnail\"><\/div><div class=\"gallery-item-caption-wrap caption-style-hoverer eael-slide-up\"><div class=\"gallery-item-hoverer-bg\"><\/div><div class=\"gallery-item-caption-over\"><h5 class=\"fg-item-title\">Ramiro Soto Monllor | Orchestral Conductor<p class=\"p-pic\">Outdoor concerts, San Isidro, Buenos Aires, 2016<\/p><\/h5><\/div><\/div><\/a><\/a><\/div><\/div><div class=\"eael-filterable-gallery-item-wrap eael-cf-photos\">\n\t\t\t\t<div class=\"eael-gallery-grid-item\"><a href=\"http:\/\/ramirosotomonllor.com\/wp-content\/uploads\/2022\/11\/05-Gala-Lirica-junto-a-Dario-Volonte-Buenos-Aires-2017.jpg\" class=\"eael-magnific-link media-content-wrap active\" data-elementor-open-lightbox=\"no\"><div class=\"gallery-item-thumbnail-wrap\"><img decoding=\"async\" src=\"http:\/\/ramirosotomonllor.com\/wp-content\/uploads\/2022\/11\/05-Gala-Lirica-junto-a-Dario-Volonte-Buenos-Aires-2017.jpg\" data-lazy-src=\"http:\/\/ramirosotomonllor.com\/wp-content\/uploads\/2022\/11\/05-Gala-Lirica-junto-a-Dario-Volonte-Buenos-Aires-2017.jpg\" alt=\"\" class=\"gallery-item-thumbnail\"><\/div><div class=\"gallery-item-caption-wrap caption-style-hoverer eael-slide-up\"><div class=\"gallery-item-hoverer-bg\"><\/div><div class=\"gallery-item-caption-over\"><h5 class=\"fg-item-title\">Ramiro Soto Monllor | Orchestral Conductor<p class=\"p-pic\">Lyric Gala with Dar\u00edo Volont\u00e9, Buenos Aires 2017<\/p><\/h5><\/div><\/div><\/a><\/a><\/div><\/div>            <\/div>\n            \n                    <\/div>\n        \n        \t\t<\/div>\n\t\t\t\t<\/div>\n\t\t\t\t<div class=\"elementor-element elementor-element-9fe4272 elementor-align-center elementor-widget elementor-widget-button\" data-id=\"9fe4272\" data-element_type=\"widget\" data-widget_type=\"button.default\">\n\t\t\t\t<div class=\"elementor-widget-container\">\n\t\t\t\t\t<div class=\"elementor-button-wrapper\">\n\t\t\t<a href=\"https:\/\/ramirosotomonllor.com\/es\/media\/\" class=\"elementor-button-link elementor-button elementor-size-sm\" role=\"button\">\n\t\t\t\t\t\t<span class=\"elementor-button-content-wrapper\">\n\t\t\t\t\t\t<span class=\"elementor-button-text\">View more<\/span>\n\t\t<\/span>\n\t\t\t\t\t<\/a>\n\t\t<\/div>\n\t\t\t\t<\/div>\n\t\t\t\t<\/div>\n\t\t\t\t\t<\/div>\n\t\t<\/div>\n\t\t\t\t\t\t\t<\/div>\n\t\t<\/section>\n\t\t\t\t<section class=\"elementor-section elementor-top-section elementor-element elementor-element-451a51b elementor-section-full_width elementor-section-height-default elementor-section-height-default\" data-id=\"451a51b\" data-element_type=\"section\">\n\t\t\t\t\t\t<div class=\"elementor-container elementor-column-gap-default\">\n\t\t\t\t\t<div class=\"elementor-column elementor-col-100 elementor-top-column elementor-element elementor-element-0a2693e\" data-id=\"0a2693e\" data-element_type=\"column\">\n\t\t\t<div class=\"elementor-widget-wrap elementor-element-populated\">\n\t\t\t\t\t\t\t\t<div class=\"elementor-element elementor-element-6f94ae4 elementor-widget__width-inherit elementor-widget elementor-widget-heading\" data-id=\"6f94ae4\" data-element_type=\"widget\" data-widget_type=\"heading.default\">\n\t\t\t\t<div class=\"elementor-widget-container\">\n\t\t\t<h2 class=\"elementor-heading-title elementor-size-default\">QUICK CONTACT<\/h2>\t\t<\/div>\n\t\t\t\t<\/div>\n\t\t\t\t<div class=\"elementor-element elementor-element-1dea96f elementor-widget-divider--view-line elementor-widget elementor-widget-divider\" data-id=\"1dea96f\" data-element_type=\"widget\" data-widget_type=\"divider.default\">\n\t\t\t\t<div class=\"elementor-widget-container\">\n\t\t\t\t\t<div class=\"elementor-divider\">\n\t\t\t<span class=\"elementor-divider-separator\">\n\t\t\t\t\t\t<\/span>\n\t\t<\/div>\n\t\t\t\t<\/div>\n\t\t\t\t<\/div>\n\t\t\t\t\t<\/div>\n\t\t<\/div>\n\t\t\t\t\t\t\t<\/div>\n\t\t<\/section>\n\t\t\t\t<section class=\"elementor-section elementor-top-section elementor-element elementor-element-11f71c2 elementor-section-content-top elementor-section-boxed elementor-section-height-default elementor-section-height-default elementor-invisible\" data-id=\"11f71c2\" data-element_type=\"section\" data-settings=\"{&quot;animation&quot;:&quot;fadeIn&quot;}\">\n\t\t\t\t\t\t<div class=\"elementor-container elementor-column-gap-default\">\n\t\t\t\t\t<div class=\"elementor-column elementor-col-100 elementor-top-column elementor-element elementor-element-88c7e3c\" data-id=\"88c7e3c\" data-element_type=\"column\">\n\t\t\t<div class=\"elementor-widget-wrap elementor-element-populated\">\n\t\t\t\t\t\t\t\t<div class=\"elementor-element elementor-element-eeb6a1c home-contact elementor-widget elementor-widget-wpforms\" data-id=\"eeb6a1c\" data-element_type=\"widget\" data-widget_type=\"wpforms.default\">\n\t\t\t\t<div class=\"elementor-widget-container\">\n\t\t\t<div class=\"wpforms-container wpforms-container-full\" id=\"wpforms-194\"><form id=\"wpforms-form-194\" class=\"wpforms-validate wpforms-form wpforms-ajax-form\" data-formid=\"194\" method=\"post\" enctype=\"multipart\/form-data\" action=\"\/es\/wp-json\/wp\/v2\/pages\/9\" data-token=\"5fd25dd59e4cd812dc467d41d349952d\" data-token-time=\"1777559533\" data-trp-original-action=\"\/es\/wp-json\/wp\/v2\/pages\/9\"><noscript class=\"wpforms-error-noscript\">Please enable JavaScript in your browser to complete this form.<\/noscript><div class=\"wpforms-field-container\"><div id=\"wpforms-194-field_4-container\" class=\"wpforms-field wpforms-field-name contact-name\" data-field-id=\"4\"><label class=\"wpforms-field-label\" for=\"wpforms-194-field_4\">Name <span class=\"wpforms-required-label\">*<\/span><\/label><div class=\"wpforms-field-row wpforms-field-large\"><div class=\"wpforms-field-row-block wpforms-first wpforms-one-half\"><input type=\"text\" id=\"wpforms-194-field_4\" class=\"wpforms-field-name-first wpforms-field-required\" name=\"wpforms[fields][4][first]\" required><label for=\"wpforms-194-field_4\" class=\"wpforms-field-sublabel after\">First<\/label><\/div><div class=\"wpforms-field-row-block wpforms-one-half\"><input type=\"text\" id=\"wpforms-194-field_4-last\" class=\"wpforms-field-name-last wpforms-field-required\" name=\"wpforms[fields][4][last]\" required><label for=\"wpforms-194-field_4-last\" class=\"wpforms-field-sublabel after\">Last<\/label><\/div><\/div><\/div><div id=\"wpforms-194-field_5-container\" class=\"wpforms-field wpforms-field-email contact-email\" data-field-id=\"5\"><label class=\"wpforms-field-label\" for=\"wpforms-194-field_5\">Email <span class=\"wpforms-required-label\">*<\/span><\/label><input type=\"email\" id=\"wpforms-194-field_5\" class=\"wpforms-field-large wpforms-field-required\" name=\"wpforms[fields][5]\" spellcheck=\"false\" required><\/div><div id=\"wpforms-194-field_6-container\" class=\"wpforms-field wpforms-field-textarea\" data-field-id=\"6\"><label class=\"wpforms-field-label\" for=\"wpforms-194-field_6\">Message <span class=\"wpforms-required-label\">*<\/span><\/label><textarea id=\"wpforms-194-field_6\" class=\"wpforms-field-large wpforms-field-required\" name=\"wpforms[fields][6]\" required><\/textarea><\/div><\/div><!-- .wpforms-field-container --><div class=\"wpforms-recaptcha-container wpforms-is-recaptcha wpforms-is-recaptcha-type-v2\" ><div class=\"g-recaptcha\" data-sitekey=\"6LecoR8iAAAAAKWFrbo3G-gefbJEoIkdqQTDS8hS\"><\/div><input type=\"text\" name=\"g-recaptcha-hidden\" class=\"wpforms-recaptcha-hidden\" style=\"position:absolute!important;clip:rect(0,0,0,0)!important;height:1px!important;width:1px!important;border:0!important;overflow:hidden!important;padding:0!important;margin:0!important;\" data-rule-recaptcha=\"1\"><\/div><div class=\"wpforms-submit-container\" ><input type=\"hidden\" name=\"wpforms[id]\" value=\"194\"><input type=\"hidden\" name=\"page_title\" value=\"\"><input type=\"hidden\" name=\"page_url\" value=\"https:\/\/ramirosotomonllor.com\/es\/wp-json\/wp\/v2\/pages\/9\"><button type=\"submit\" name=\"wpforms[submit]\" id=\"wpforms-submit-194\" class=\"wpforms-submit\" data-alt-text=\"Sending...\" data-submit-text=\"Submit\" aria-live=\"assertive\" value=\"wpforms-submit\">Submit<\/button><img loading=\"lazy\" decoding=\"async\" src=\"https:\/\/ramirosotomonllor.com\/wp-content\/plugins\/wpforms-lite\/assets\/images\/submit-spin.svg\" class=\"wpforms-submit-spinner\" style=\"display: none;\" width=\"26\" height=\"26\" alt=\"Loading\"><\/div><input type=\"hidden\" name=\"trp-form-language\" value=\"es\"\/><\/form><\/div>  <!-- .wpforms-container -->\t\t<\/div>\n\t\t\t\t<\/div>\n\t\t\t\t\t<\/div>\n\t\t<\/div>\n\t\t\t\t\t\t\t<\/div>\n\t\t<\/section>\n\t\t\t\t\t\t\t<\/div>","protected":false},"excerpt":{"rendered":"<p>BIO He was born in Buenos Aires, Argentina. Bachelor and Professor of Music with a specialty in Orchestral Conducting (UCA) has obtained an honor medal in both careers and has been awarded a scholarship by the Faculty as a merit to obtain the highest average. Violist and pianist. He has studied with teachers Guillermo Scarabino [&hellip;]<\/p>","protected":false},"author":2,"featured_media":0,"parent":0,"menu_order":0,"comment_status":"closed","ping_status":"closed","template":"","meta":{"site-sidebar-layout":"no-sidebar","site-content-layout":"page-builder","ast-site-content-layout":"","site-content-style":"default","site-sidebar-style":"default","ast-global-header-display":"","ast-banner-title-visibility":"","ast-main-header-display":"","ast-hfb-above-header-display":"","ast-hfb-below-header-display":"","ast-hfb-mobile-header-display":"","site-post-title":"disabled","ast-breadcrumbs-content":"","ast-featured-img":"disabled","footer-sml-layout":"","theme-transparent-header-meta":"default","adv-header-id-meta":"","stick-header-meta":"","header-above-stick-meta":"","header-main-stick-meta":"","header-below-stick-meta":"","astra-migrate-meta-layouts":"default","ast-page-background-enabled":"default","ast-page-background-meta":{"desktop":{"background-color":"var(--ast-global-color-4)","background-image":"","background-repeat":"repeat","background-position":"center center","background-size":"auto","background-attachment":"scroll","background-type":"","background-media":"","overlay-type":"","overlay-color":"","overlay-gradient":""},"tablet":{"background-color":"","background-image":"","background-repeat":"repeat","background-position":"center center","background-size":"auto","background-attachment":"scroll","background-type":"","background-media":"","overlay-type":"","overlay-color":"","overlay-gradient":""},"mobile":{"background-color":"","background-image":"","background-repeat":"repeat","background-position":"center center","background-size":"auto","background-attachment":"scroll","background-type":"","background-media":"","overlay-type":"","overlay-color":"","overlay-gradient":""}},"ast-content-background-meta":{"desktop":{"background-color":"var(--ast-global-color-5)","background-image":"","background-repeat":"repeat","background-position":"center center","background-size":"auto","background-attachment":"scroll","background-type":"","background-media":"","overlay-type":"","overlay-color":"","overlay-gradient":""},"tablet":{"background-color":"var(--ast-global-color-5)","background-image":"","background-repeat":"repeat","background-position":"center center","background-size":"auto","background-attachment":"scroll","background-type":"","background-media":"","overlay-type":"","overlay-color":"","overlay-gradient":""},"mobile":{"background-color":"var(--ast-global-color-5)","background-image":"","background-repeat":"repeat","background-position":"center center","background-size":"auto","background-attachment":"scroll","background-type":"","background-media":"","overlay-type":"","overlay-color":"","overlay-gradient":""}},"footnotes":""},"acf":[],"yoast_head":"<!-- This site is optimized with the Yoast SEO plugin v19.11 - https:\/\/yoast.com\/wordpress\/plugins\/seo\/ -->\n<title>Home - Ramiro Soto Monllor<\/title>\n<meta name=\"description\" content=\"Ramiro Soto Monllor. Orchestra Conductor from Buenos Aires, Argentina. Music professor specialized in Orchestral Conducting (UCA).\" \/>\n<meta name=\"robots\" content=\"index, follow, max-snippet:-1, max-image-preview:large, max-video-preview:-1\" \/>\n<link rel=\"canonical\" href=\"https:\/\/ramirosotomonllor.com\/es\/\" \/>\n<meta property=\"og:locale\" content=\"es_ES\" \/>\n<meta property=\"og:type\" content=\"article\" \/>\n<meta property=\"og:title\" content=\"Home - Ramiro Soto Monllor\" \/>\n<meta property=\"og:description\" content=\"Ramiro Soto Monllor. Orchestra Conductor from Buenos Aires, Argentina. Music professor specialized in Orchestral Conducting (UCA).\" \/>\n<meta property=\"og:url\" content=\"https:\/\/ramirosotomonllor.com\/es\/\" \/>\n<meta property=\"og:site_name\" content=\"Ramiro Soto Monllor\" \/>\n<meta property=\"article:modified_time\" content=\"2024-01-03T21:40:15+00:00\" \/>\n<meta property=\"og:image\" content=\"http:\/\/ramirosotomonllor.com\/wp-content\/uploads\/2022\/09\/RAMIRO-SOTO-MONLLOR-DIRECTOR-1.jpeg\" \/>\n<meta name=\"twitter:card\" content=\"summary_large_image\" \/>\n<meta name=\"twitter:label1\" content=\"Tiempo de lectura\" \/>\n\t<meta name=\"twitter:data1\" content=\"9 minutos\" \/>\n<script type=\"application\/ld+json\" class=\"yoast-schema-graph\">{\"@context\":\"https:\/\/schema.org\",\"@graph\":[{\"@type\":\"WebPage\",\"@id\":\"https:\/\/ramirosotomonllor.com\/\",\"url\":\"https:\/\/ramirosotomonllor.com\/\",\"name\":\"Home - Ramiro Soto Monllor\",\"isPartOf\":{\"@id\":\"https:\/\/ramirosotomonllor.com\/#website\"},\"datePublished\":\"2022-09-19T15:45:09+00:00\",\"dateModified\":\"2024-01-03T21:40:15+00:00\",\"description\":\"Ramiro Soto Monllor. Orchestra Conductor from Buenos Aires, Argentina. Music professor specialized in Orchestral Conducting (UCA).\",\"breadcrumb\":{\"@id\":\"https:\/\/ramirosotomonllor.com\/#breadcrumb\"},\"inLanguage\":\"es-AR\",\"potentialAction\":[{\"@type\":\"ReadAction\",\"target\":[\"https:\/\/ramirosotomonllor.com\/\"]}]},{\"@type\":\"BreadcrumbList\",\"@id\":\"https:\/\/ramirosotomonllor.com\/#breadcrumb\",\"itemListElement\":[{\"@type\":\"ListItem\",\"position\":1,\"name\":\"Home\",\"item\":\"https:\/\/ramirosotomonllor.com\/\"},{\"@type\":\"ListItem\",\"position\":2,\"name\":\"Home\"}]},{\"@type\":\"WebSite\",\"@id\":\"https:\/\/ramirosotomonllor.com\/#website\",\"url\":\"https:\/\/ramirosotomonllor.com\/\",\"name\":\"Ramiro Soto Monllor\",\"description\":\"Orchestra Conductor\",\"publisher\":{\"@id\":\"https:\/\/ramirosotomonllor.com\/#organization\"},\"potentialAction\":[{\"@type\":\"SearchAction\",\"target\":{\"@type\":\"EntryPoint\",\"urlTemplate\":\"https:\/\/ramirosotomonllor.com\/?s={search_term_string}\"},\"query-input\":\"required name=search_term_string\"}],\"inLanguage\":\"es-AR\"},{\"@type\":\"Organization\",\"@id\":\"https:\/\/ramirosotomonllor.com\/#organization\",\"name\":\"Ramiro Soto Monllor\",\"url\":\"https:\/\/ramirosotomonllor.com\/\",\"logo\":{\"@type\":\"ImageObject\",\"inLanguage\":\"es-AR\",\"@id\":\"https:\/\/ramirosotomonllor.com\/#\/schema\/logo\/image\/\",\"url\":\"https:\/\/ramirosotomonllor.com\/wp-content\/uploads\/2022\/11\/logo-simple-blanco-en.png\",\"contentUrl\":\"https:\/\/ramirosotomonllor.com\/wp-content\/uploads\/2022\/11\/logo-simple-blanco-en.png\",\"width\":1012,\"height\":188,\"caption\":\"Ramiro Soto Monllor\"},\"image\":{\"@id\":\"https:\/\/ramirosotomonllor.com\/#\/schema\/logo\/image\/\"}}]}<\/script>\n<!-- \/ Yoast SEO plugin. -->","yoast_head_json":{"title":"Home - Ramiro Soto Monllor","description":"Ramiro Soto Monllor. Orchestra Conductor from Buenos Aires, Argentina. Music professor specialized in Orchestral Conducting (UCA).","robots":{"index":"index","follow":"follow","max-snippet":"max-snippet:-1","max-image-preview":"max-image-preview:large","max-video-preview":"max-video-preview:-1"},"canonical":"https:\/\/ramirosotomonllor.com\/es\/","og_locale":"es_ES","og_type":"article","og_title":"Home - Ramiro Soto Monllor","og_description":"Ramiro Soto Monllor. Orchestra Conductor from Buenos Aires, Argentina. Music professor specialized in Orchestral Conducting (UCA).","og_url":"https:\/\/ramirosotomonllor.com\/es\/","og_site_name":"Ramiro Soto Monllor","article_modified_time":"2024-01-03T21:40:15+00:00","og_image":[{"url":"http:\/\/ramirosotomonllor.com\/wp-content\/uploads\/2022\/09\/RAMIRO-SOTO-MONLLOR-DIRECTOR-1.jpeg"}],"twitter_card":"summary_large_image","twitter_misc":{"Tiempo de lectura":"9 minutos"},"schema":{"@context":"https:\/\/schema.org","@graph":[{"@type":"WebPage","@id":"https:\/\/ramirosotomonllor.com\/","url":"https:\/\/ramirosotomonllor.com\/","name":"Home - Ramiro Soto Monllor","isPartOf":{"@id":"https:\/\/ramirosotomonllor.com\/#website"},"datePublished":"2022-09-19T15:45:09+00:00","dateModified":"2024-01-03T21:40:15+00:00","description":"Ramiro Soto Monllor. Orchestra Conductor from Buenos Aires, Argentina. Music professor specialized in Orchestral Conducting (UCA).","breadcrumb":{"@id":"https:\/\/ramirosotomonllor.com\/#breadcrumb"},"inLanguage":"es-AR","potentialAction":[{"@type":"ReadAction","target":["https:\/\/ramirosotomonllor.com\/"]}]},{"@type":"BreadcrumbList","@id":"https:\/\/ramirosotomonllor.com\/#breadcrumb","itemListElement":[{"@type":"ListItem","position":1,"name":"Home","item":"https:\/\/ramirosotomonllor.com\/"},{"@type":"ListItem","position":2,"name":"Home"}]},{"@type":"WebSite","@id":"https:\/\/ramirosotomonllor.com\/#website","url":"https:\/\/ramirosotomonllor.com\/","name":"Ramiro Soto Monllor","description":"Orchestra Conductor","publisher":{"@id":"https:\/\/ramirosotomonllor.com\/#organization"},"potentialAction":[{"@type":"SearchAction","target":{"@type":"EntryPoint","urlTemplate":"https:\/\/ramirosotomonllor.com\/?s={search_term_string}"},"query-input":"required name=search_term_string"}],"inLanguage":"es-AR"},{"@type":"Organization","@id":"https:\/\/ramirosotomonllor.com\/#organization","name":"Ramiro Soto Monllor","url":"https:\/\/ramirosotomonllor.com\/","logo":{"@type":"ImageObject","inLanguage":"es-AR","@id":"https:\/\/ramirosotomonllor.com\/#\/schema\/logo\/image\/","url":"https:\/\/ramirosotomonllor.com\/wp-content\/uploads\/2022\/11\/logo-simple-blanco-en.png","contentUrl":"https:\/\/ramirosotomonllor.com\/wp-content\/uploads\/2022\/11\/logo-simple-blanco-en.png","width":1012,"height":188,"caption":"Ramiro Soto Monllor"},"image":{"@id":"https:\/\/ramirosotomonllor.com\/#\/schema\/logo\/image\/"}}]}},"uagb_featured_image_src":{"full":false,"thumbnail":false,"medium":false,"medium_large":false,"large":false,"1536x1536":false,"2048x2048":false,"trp-custom-language-flag":false,"_nx_notification_thumb":false},"uagb_author_info":{"display_name":"Admin","author_link":"https:\/\/ramirosotomonllor.com\/es\/author\/admin\/"},"uagb_comment_info":0,"uagb_excerpt":"BIO He was born in Buenos Aires, Argentina. Bachelor and Professor of Music with a specialty in Orchestral Conducting (UCA) has obtained an honor medal in both careers and has been awarded a scholarship by the Faculty as a merit to obtain the highest average. Violist and pianist. He has studied with teachers Guillermo Scarabino&hellip;","_links":{"self":[{"href":"https:\/\/ramirosotomonllor.com\/es\/wp-json\/wp\/v2\/pages\/9"}],"collection":[{"href":"https:\/\/ramirosotomonllor.com\/es\/wp-json\/wp\/v2\/pages"}],"about":[{"href":"https:\/\/ramirosotomonllor.com\/es\/wp-json\/wp\/v2\/types\/page"}],"author":[{"embeddable":true,"href":"https:\/\/ramirosotomonllor.com\/es\/wp-json\/wp\/v2\/users\/2"}],"replies":[{"embeddable":true,"href":"https:\/\/ramirosotomonllor.com\/es\/wp-json\/wp\/v2\/comments?post=9"}],"version-history":[{"count":502,"href":"https:\/\/ramirosotomonllor.com\/es\/wp-json\/wp\/v2\/pages\/9\/revisions"}],"predecessor-version":[{"id":1728,"href":"https:\/\/ramirosotomonllor.com\/es\/wp-json\/wp\/v2\/pages\/9\/revisions\/1728"}],"wp:attachment":[{"href":"https:\/\/ramirosotomonllor.com\/es\/wp-json\/wp\/v2\/media?parent=9"}],"curies":[{"name":"wp","href":"https:\/\/api.w.org\/{rel}","templated":true}]}}